{"id":75177,"date":"2024-11-20T16:09:45","date_gmt":"2024-11-20T15:09:45","guid":{"rendered":"https:\/\/gieffe.elwood.agency\/immobile\/torre-solferino-galleria-enzo-tortora-esclusivo-243-mq\/"},"modified":"2024-12-07T06:43:06","modified_gmt":"2024-12-07T05:43:06","slug":"torre-solferino-galleria-enzo-tortora-esclusivo-243-mq","status":"publish","type":"immobile","link":"https:\/\/gieffe.elwood.agency\/it\/immobile\/torre-solferino-galleria-enzo-tortora-esclusivo-243-mq\/","title":{"rendered":"Torre Solferino, galleria Enzo Tortora. Esclusivo 243 mq."},"content":{"rendered":"<p>Nel cuore del centro di Torino, parte della Torre che prende il nome dalla piazza nella Galleria Enzo Tortora, l&#8217;appartamento misura 243 mq ed \u00e8 sito al 9 piano ( 11esimo fuori terra ). Stabile di assoluto prestigio dotato di servizio portineria e doppi ascensori. Gli spazi sono distribuiti in modo razionale e arioso, attraverso doppi ingressi che forniscono la possibilit\u00e0 di frazionare l&#8217;immobile. L&#8217; ampio ingresso di rappresentanza offre la vista sul grande salone triplo angolare con balcone terrazzato da cui si gode di una vista senza eguali sull&#8217;intera Torino e sulle Alpi. Lo studio ( camera da letto a tutti gli effetti ) \u00e8 sito alla destra dell&#8217;ingresso dove trova spazio anche il ripostiglio. Il disimpegno permette di accedere alla zona notte con tre camere da letto e due servizi ampi e finestrati. Un office precede la cucina abitabile nella parte di servizio della casa, con scala dedicata e montacarico. Parquet nel salone, nello studio e nelle camere. Gli infissi sono in legno con doppi vetri. Il riscaldamento \u00e8 autonomo a metano. Lo stabile \u00e8 stato recentemente oggetto di un intervento di riqualificazione edilizia con la posa in opera del cappotto su tutto l&#8217;involucro esterno. L&#8217;appartamento, data la dimensione e la possibilit\u00e0 di creare facilmente un ulteriore ingresso, \u00e8 facilmente frazionabile in due unit\u00e0 abitative distinte. Non dotato di garage ma da valutare la possibilit\u00e0 di locare spazi box auto in piazza Solferino. Per posizione, tipicit\u00e0 dell&#8217;ambientazione e panoramicit\u00e0 l&#8217;immobile \u00e8 un unicum nella citt\u00e0 di Torino. Per informazioni: GIEFFE PATRIMONI Real Estate Advisor, Torino \u2013 Londra \u2013 Alba \u2013 Milano \u2013 Roma. (+39) 011 \/ 76.000.11<\/p>\n","protected":false},"excerpt":{"rendered":"<p>Nel cuore del centro di Torino, parte della Torre che prende il nome dalla piazza nella Galleria Enzo Tortora, l&#8217;appartamento misura 243 mq ed \u00e8 sito al 9 piano ( 11esimo fuori terra ). Stabile di assoluto prestigio dotato di servizio portineria e doppi ascensori. Gli spazi sono distribuiti in modo razionale e arioso, attraverso [&hellip;]<\/p>\n","protected":false},"featured_media":75178,"template":"","meta":{"_acf_changed":false,"inline_featured_image":false},"categoria_immobile":[85],"tipologia_offerta":[94],"tipologia_immobile":[56],"class_list":["post-75177","immobile","type-immobile","status-publish","has-post-thumbnail","hentry","categoria_immobile-residenziali","tipologia_offerta-vendita","tipologia_immobile-appartamento"],"acf":[],"yoast_head":"<!-- This site is optimized with the Yoast SEO plugin v22.8 - https:\/\/yoast.com\/wordpress\/plugins\/seo\/ -->\n<title>Torre Solferino, galleria Enzo Tortora. Esclusivo 243 mq. - Gieffe Patrimoni<\/title>\n<meta name=\"robots\" content=\"noindex, follow, max-snippet:-1, max-image-preview:large, max-video-preview:-1\" \/>\n<meta property=\"og:locale\" content=\"it_IT\" \/>\n<meta property=\"og:type\" content=\"article\" \/>\n<meta property=\"og:title\" content=\"Torre Solferino, galleria Enzo Tortora. Esclusivo 243 mq. - Gieffe Patrimoni\" \/>\n<meta property=\"og:description\" content=\"Nel cuore del centro di Torino, parte della Torre che prende il nome dalla piazza nella Galleria Enzo Tortora, l&#8217;appartamento misura 243 mq ed \u00e8 sito al 9 piano ( 11esimo fuori terra ). Stabile di assoluto prestigio dotato di servizio portineria e doppi ascensori. Gli spazi sono distribuiti in modo razionale e arioso, attraverso [&hellip;]\" \/>\n<meta property=\"og:url\" content=\"https:\/\/gieffe.elwood.agency\/it\/immobile\/torre-solferino-galleria-enzo-tortora-esclusivo-243-mq\/\" \/>\n<meta property=\"og:site_name\" content=\"Gieffe Patrimoni\" \/>\n<meta property=\"article:modified_time\" content=\"2024-12-07T05:43:06+00:00\" \/>\n<meta property=\"og:image\" content=\"https:\/\/gieffe.elwood.agency\/wp-content\/uploads\/2024\/11\/Torre-Solferino-galleria-Enzo-Tortora.-Esclusivo-243-mq.jpg\" \/>\n\t<meta property=\"og:image:width\" content=\"1400\" \/>\n\t<meta property=\"og:image:height\" content=\"1050\" \/>\n\t<meta property=\"og:image:type\" content=\"image\/jpeg\" \/>\n<meta name=\"twitter:card\" content=\"summary_large_image\" \/>\n<meta name=\"twitter:label1\" content=\"Tempo di lettura stimato\" \/>\n\t<meta name=\"twitter:data1\" content=\"1 minuto\" \/>\n<script type=\"application\/ld+json\" class=\"yoast-schema-graph\">{\"@context\":\"https:\/\/schema.org\",\"@graph\":[{\"@type\":\"WebPage\",\"@id\":\"https:\/\/gieffe.elwood.agency\/it\/immobile\/torre-solferino-galleria-enzo-tortora-esclusivo-243-mq\/\",\"url\":\"https:\/\/gieffe.elwood.agency\/it\/immobile\/torre-solferino-galleria-enzo-tortora-esclusivo-243-mq\/\",\"name\":\"Torre Solferino, galleria Enzo Tortora. Esclusivo 243 mq. - Gieffe Patrimoni\",\"isPartOf\":{\"@id\":\"https:\/\/gieffe.elwood.agency\/it\/#website\"},\"primaryImageOfPage\":{\"@id\":\"https:\/\/gieffe.elwood.agency\/it\/immobile\/torre-solferino-galleria-enzo-tortora-esclusivo-243-mq\/#primaryimage\"},\"image\":{\"@id\":\"https:\/\/gieffe.elwood.agency\/it\/immobile\/torre-solferino-galleria-enzo-tortora-esclusivo-243-mq\/#primaryimage\"},\"thumbnailUrl\":\"https:\/\/gieffe.elwood.agency\/wp-content\/uploads\/2024\/11\/Torre-Solferino-galleria-Enzo-Tortora.-Esclusivo-243-mq.jpg\",\"datePublished\":\"2024-11-20T15:09:45+00:00\",\"dateModified\":\"2024-12-07T05:43:06+00:00\",\"breadcrumb\":{\"@id\":\"https:\/\/gieffe.elwood.agency\/it\/immobile\/torre-solferino-galleria-enzo-tortora-esclusivo-243-mq\/#breadcrumb\"},\"inLanguage\":\"it-IT\",\"potentialAction\":[{\"@type\":\"ReadAction\",\"target\":[\"https:\/\/gieffe.elwood.agency\/it\/immobile\/torre-solferino-galleria-enzo-tortora-esclusivo-243-mq\/\"]}]},{\"@type\":\"ImageObject\",\"inLanguage\":\"it-IT\",\"@id\":\"https:\/\/gieffe.elwood.agency\/it\/immobile\/torre-solferino-galleria-enzo-tortora-esclusivo-243-mq\/#primaryimage\",\"url\":\"https:\/\/gieffe.elwood.agency\/wp-content\/uploads\/2024\/11\/Torre-Solferino-galleria-Enzo-Tortora.-Esclusivo-243-mq.jpg\",\"contentUrl\":\"https:\/\/gieffe.elwood.agency\/wp-content\/uploads\/2024\/11\/Torre-Solferino-galleria-Enzo-Tortora.-Esclusivo-243-mq.jpg\",\"width\":1400,\"height\":1050,\"caption\":\"Torre Solferino\"},{\"@type\":\"BreadcrumbList\",\"@id\":\"https:\/\/gieffe.elwood.agency\/it\/immobile\/torre-solferino-galleria-enzo-tortora-esclusivo-243-mq\/#breadcrumb\",\"itemListElement\":[{\"@type\":\"ListItem\",\"position\":1,\"name\":\"Gieffe Patrimoni\",\"item\":\"https:\/\/gieffe.elwood.agency\/it\/\"},{\"@type\":\"ListItem\",\"position\":2,\"name\":\"Immobili\",\"item\":\"https:\/\/gieffe.elwood.agency\/it\/immobile\/\"},{\"@type\":\"ListItem\",\"position\":3,\"name\":\"Residenziali\",\"item\":\"https:\/\/gieffe.elwood.agency\/it\/categoria_immobile\/residenziali\/\"},{\"@type\":\"ListItem\",\"position\":4,\"name\":\"Torre Solferino, galleria Enzo Tortora. Esclusivo 243 mq.\"}]},{\"@type\":\"WebSite\",\"@id\":\"https:\/\/gieffe.elwood.agency\/it\/#website\",\"url\":\"https:\/\/gieffe.elwood.agency\/it\/\",\"name\":\"Gieffe Patrimoni\",\"description\":\"\",\"publisher\":{\"@id\":\"https:\/\/gieffe.elwood.agency\/it\/#organization\"},\"potentialAction\":[{\"@type\":\"SearchAction\",\"target\":{\"@type\":\"EntryPoint\",\"urlTemplate\":\"https:\/\/gieffe.elwood.agency\/it\/?s={search_term_string}\"},\"query-input\":\"required name=search_term_string\"}],\"inLanguage\":\"it-IT\"},{\"@type\":\"Organization\",\"@id\":\"https:\/\/gieffe.elwood.agency\/it\/#organization\",\"name\":\"Gieffe Patrimoni\",\"url\":\"https:\/\/gieffe.elwood.agency\/it\/\",\"logo\":{\"@type\":\"ImageObject\",\"inLanguage\":\"it-IT\",\"@id\":\"https:\/\/gieffe.elwood.agency\/it\/#\/schema\/logo\/image\/\",\"url\":\"https:\/\/gieffe.elwood.agency\/wp-content\/uploads\/2024\/04\/logo-1.svg\",\"contentUrl\":\"https:\/\/gieffe.elwood.agency\/wp-content\/uploads\/2024\/04\/logo-1.svg\",\"width\":344,\"height\":78,\"caption\":\"Gieffe Patrimoni\"},\"image\":{\"@id\":\"https:\/\/gieffe.elwood.agency\/it\/#\/schema\/logo\/image\/\"}}]}<\/script>\n<!-- \/ Yoast SEO plugin. -->","yoast_head_json":{"title":"Torre Solferino, galleria Enzo Tortora. Esclusivo 243 mq. - Gieffe Patrimoni","robots":{"index":"noindex","follow":"follow","max-snippet":"max-snippet:-1","max-image-preview":"max-image-preview:large","max-video-preview":"max-video-preview:-1"},"og_locale":"it_IT","og_type":"article","og_title":"Torre Solferino, galleria Enzo Tortora. Esclusivo 243 mq. - Gieffe Patrimoni","og_description":"Nel cuore del centro di Torino, parte della Torre che prende il nome dalla piazza nella Galleria Enzo Tortora, l&#8217;appartamento misura 243 mq ed \u00e8 sito al 9 piano ( 11esimo fuori terra ). Stabile di assoluto prestigio dotato di servizio portineria e doppi ascensori. Gli spazi sono distribuiti in modo razionale e arioso, attraverso [&hellip;]","og_url":"https:\/\/gieffe.elwood.agency\/it\/immobile\/torre-solferino-galleria-enzo-tortora-esclusivo-243-mq\/","og_site_name":"Gieffe Patrimoni","article_modified_time":"2024-12-07T05:43:06+00:00","og_image":[{"width":1400,"height":1050,"url":"https:\/\/gieffe.elwood.agency\/wp-content\/uploads\/2024\/11\/Torre-Solferino-galleria-Enzo-Tortora.-Esclusivo-243-mq.jpg","type":"image\/jpeg"}],"twitter_card":"summary_large_image","twitter_misc":{"Tempo di lettura stimato":"1 minuto"},"schema":{"@context":"https:\/\/schema.org","@graph":[{"@type":"WebPage","@id":"https:\/\/gieffe.elwood.agency\/it\/immobile\/torre-solferino-galleria-enzo-tortora-esclusivo-243-mq\/","url":"https:\/\/gieffe.elwood.agency\/it\/immobile\/torre-solferino-galleria-enzo-tortora-esclusivo-243-mq\/","name":"Torre Solferino, galleria Enzo Tortora. Esclusivo 243 mq. - Gieffe Patrimoni","isPartOf":{"@id":"https:\/\/gieffe.elwood.agency\/it\/#website"},"primaryImageOfPage":{"@id":"https:\/\/gieffe.elwood.agency\/it\/immobile\/torre-solferino-galleria-enzo-tortora-esclusivo-243-mq\/#primaryimage"},"image":{"@id":"https:\/\/gieffe.elwood.agency\/it\/immobile\/torre-solferino-galleria-enzo-tortora-esclusivo-243-mq\/#primaryimage"},"thumbnailUrl":"https:\/\/gieffe.elwood.agency\/wp-content\/uploads\/2024\/11\/Torre-Solferino-galleria-Enzo-Tortora.-Esclusivo-243-mq.jpg","datePublished":"2024-11-20T15:09:45+00:00","dateModified":"2024-12-07T05:43:06+00:00","breadcrumb":{"@id":"https:\/\/gieffe.elwood.agency\/it\/immobile\/torre-solferino-galleria-enzo-tortora-esclusivo-243-mq\/#breadcrumb"},"inLanguage":"it-IT","potentialAction":[{"@type":"ReadAction","target":["https:\/\/gieffe.elwood.agency\/it\/immobile\/torre-solferino-galleria-enzo-tortora-esclusivo-243-mq\/"]}]},{"@type":"ImageObject","inLanguage":"it-IT","@id":"https:\/\/gieffe.elwood.agency\/it\/immobile\/torre-solferino-galleria-enzo-tortora-esclusivo-243-mq\/#primaryimage","url":"https:\/\/gieffe.elwood.agency\/wp-content\/uploads\/2024\/11\/Torre-Solferino-galleria-Enzo-Tortora.-Esclusivo-243-mq.jpg","contentUrl":"https:\/\/gieffe.elwood.agency\/wp-content\/uploads\/2024\/11\/Torre-Solferino-galleria-Enzo-Tortora.-Esclusivo-243-mq.jpg","width":1400,"height":1050,"caption":"Torre Solferino"},{"@type":"BreadcrumbList","@id":"https:\/\/gieffe.elwood.agency\/it\/immobile\/torre-solferino-galleria-enzo-tortora-esclusivo-243-mq\/#breadcrumb","itemListElement":[{"@type":"ListItem","position":1,"name":"Gieffe Patrimoni","item":"https:\/\/gieffe.elwood.agency\/it\/"},{"@type":"ListItem","position":2,"name":"Immobili","item":"https:\/\/gieffe.elwood.agency\/it\/immobile\/"},{"@type":"ListItem","position":3,"name":"Residenziali","item":"https:\/\/gieffe.elwood.agency\/it\/categoria_immobile\/residenziali\/"},{"@type":"ListItem","position":4,"name":"Torre Solferino, galleria Enzo Tortora. Esclusivo 243 mq."}]},{"@type":"WebSite","@id":"https:\/\/gieffe.elwood.agency\/it\/#website","url":"https:\/\/gieffe.elwood.agency\/it\/","name":"Gieffe Patrimoni","description":"","publisher":{"@id":"https:\/\/gieffe.elwood.agency\/it\/#organization"},"potentialAction":[{"@type":"SearchAction","target":{"@type":"EntryPoint","urlTemplate":"https:\/\/gieffe.elwood.agency\/it\/?s={search_term_string}"},"query-input":"required name=search_term_string"}],"inLanguage":"it-IT"},{"@type":"Organization","@id":"https:\/\/gieffe.elwood.agency\/it\/#organization","name":"Gieffe Patrimoni","url":"https:\/\/gieffe.elwood.agency\/it\/","logo":{"@type":"ImageObject","inLanguage":"it-IT","@id":"https:\/\/gieffe.elwood.agency\/it\/#\/schema\/logo\/image\/","url":"https:\/\/gieffe.elwood.agency\/wp-content\/uploads\/2024\/04\/logo-1.svg","contentUrl":"https:\/\/gieffe.elwood.agency\/wp-content\/uploads\/2024\/04\/logo-1.svg","width":344,"height":78,"caption":"Gieffe Patrimoni"},"image":{"@id":"https:\/\/gieffe.elwood.agency\/it\/#\/schema\/logo\/image\/"}}]}},"_links":{"self":[{"href":"https:\/\/gieffe.elwood.agency\/it\/wp-json\/wp\/v2\/immobile\/75177","targetHints":{"allow":["GET"]}}],"collection":[{"href":"https:\/\/gieffe.elwood.agency\/it\/wp-json\/wp\/v2\/immobile"}],"about":[{"href":"https:\/\/gieffe.elwood.agency\/it\/wp-json\/wp\/v2\/types\/immobile"}],"wp:featuredmedia":[{"embeddable":true,"href":"https:\/\/gieffe.elwood.agency\/it\/wp-json\/wp\/v2\/media\/75178"}],"wp:attachment":[{"href":"https:\/\/gieffe.elwood.agency\/it\/wp-json\/wp\/v2\/media?parent=75177"}],"wp:term":[{"taxonomy":"categoria_immobile","embeddable":true,"href":"https:\/\/gieffe.elwood.agency\/it\/wp-json\/wp\/v2\/categoria_immobile?post=75177"},{"taxonomy":"tipologia_offerta","embeddable":true,"href":"https:\/\/gieffe.elwood.agency\/it\/wp-json\/wp\/v2\/tipologia_offerta?post=75177"},{"taxonomy":"tipologia_immobile","embeddable":true,"href":"https:\/\/gieffe.elwood.agency\/it\/wp-json\/wp\/v2\/tipologia_immobile?post=75177"}],"curies":[{"name":"wp","href":"https:\/\/api.w.org\/{rel}","templated":true}]}}