{"id":74408,"date":"2024-11-20T15:46:39","date_gmt":"2024-11-20T14:46:39","guid":{"rendered":"https:\/\/gieffe.elwood.agency\/immobile\/appartamento-di-alta-rappresentanza-260-mq-valentino\/"},"modified":"2024-12-07T06:28:51","modified_gmt":"2024-12-07T05:28:51","slug":"appartamento-di-alta-rappresentanza-260-mq-valentino","status":"publish","type":"immobile","link":"https:\/\/gieffe.elwood.agency\/it\/immobile\/appartamento-di-alta-rappresentanza-260-mq-valentino\/","title":{"rendered":"Appartamento di alta rappresentanza. 260 mq. Valentino."},"content":{"rendered":"<p>Caratterizzato dal verde del Parco del Valentino, il quartiere San Salvario-Valentino viene considerato uno dei quartieri centrali pi\u00f9 &#8220;green&#8221; della citt\u00e0. Il quartiere al suo interno \u00e8 ricco e colorato grazie alle svariate attivit\u00e0 che ospita, dalla ristorazione ai negozi di restauro fino ai caratteristici mercati di Piazza Madama Cristina. Ai margini di tutto ci\u00f2 il quartiere si fonde nel parco verde ed assume connotazioni residenziali di altissimo prestigio. L&#8217;appartamento in oggetto infatti \u00e8 parte di un edificio del 1883 sito in via Baretti al numero 46, reso ancor pi\u00f9 noto grazie ad una delle sopraelevazioni pi\u00f9 famose del panorama architettonico torinese, ( ancora oggi citata nei libri di architettura ), grazie all&#8217;opera dell&#8217;architetto G.Becker. Gli spazi sono distribuiti al secondo piano nobile con affaccio su corte interna e su via Baretti angolo corso Massimo d&#8217;Azeglio, con doppio ascensore e doppi ingressi poich\u00e8 ad oggi il tutto \u00e8 unione di due appartamenti attigui. L&#8217;appartamento di alta rappresentanza misura 260 mq, e dispone di ingressi doppi, con disimpegni \/ vestiaire, quattro camere da letto, corridoi di passaggio, tre servizi \/ lavanderia, camera studio con soppalco, cucina abitabile, ampi e doppi saloni con meravigliosi pavimenti in legno dell&#8217;epoca e soffitti affrescati. Completano la propriet\u00e0 due cantine. Riscaldamento centralizzato a metano con termovalvole installate per una spesa di 3000.00 euro per anno. Spese condominiali con servizio portineria valutabili in 3000.00 euro per anno. Grande luminosit\u00e0 con affaccio diretto da balconi su via Baretti e sul Valentino, e su cortile interno libero da grande balcone che segue tutta la lunghezza dell&#8217;appartamento. Indirizzo prestigioso con il vezzo d&#8217;esser stato catalogato come uno dei portoni pi\u00f9 belli della citt\u00e0 sabauda. I particolari d&#8217;epoca, come pavimenti e ornamenti architettonici vari oltre ai serramenti ottocenteschi con vetri soffiati a bocca e gelosie vetrate, sono il fascino stesso dell&#8217;appartamento che ha mantenuto in larga parte il carattere d&#8217;epoca in cui \u00e8 nato. Categoria catastale A3 per entrambi gli appartamenti. Per informazioni: GIEFFE PATRIMONI Real Estate Advisor, Torino \u2013 Londra \u2013 Alba \u2013 Milano \u2013 Roma. (+39) 011 \/ 76.000.11<\/p>\n","protected":false},"excerpt":{"rendered":"<p>Caratterizzato dal verde del Parco del Valentino, il quartiere San Salvario-Valentino viene considerato uno dei quartieri centrali pi\u00f9 &#8220;green&#8221; della citt\u00e0. Il quartiere al suo interno \u00e8 ricco e colorato grazie alle svariate attivit\u00e0 che ospita, dalla ristorazione ai negozi di restauro fino ai caratteristici mercati di Piazza Madama Cristina. Ai margini di tutto ci\u00f2 [&hellip;]<\/p>\n","protected":false},"featured_media":74409,"template":"","meta":{"_acf_changed":false,"inline_featured_image":false},"categoria_immobile":[85],"tipologia_offerta":[94],"tipologia_immobile":[56],"class_list":["post-74408","immobile","type-immobile","status-publish","has-post-thumbnail","hentry","categoria_immobile-residenziali","tipologia_offerta-vendita","tipologia_immobile-appartamento"],"acf":[],"yoast_head":"<!-- This site is optimized with the Yoast SEO plugin v22.8 - https:\/\/yoast.com\/wordpress\/plugins\/seo\/ -->\n<title>Appartamento di alta rappresentanza. 260 mq. Valentino. - Gieffe Patrimoni<\/title>\n<meta name=\"robots\" content=\"noindex, follow, max-snippet:-1, max-image-preview:large, max-video-preview:-1\" \/>\n<meta property=\"og:locale\" content=\"it_IT\" \/>\n<meta property=\"og:type\" content=\"article\" \/>\n<meta property=\"og:title\" content=\"Appartamento di alta rappresentanza. 260 mq. Valentino. - Gieffe Patrimoni\" \/>\n<meta property=\"og:description\" content=\"Caratterizzato dal verde del Parco del Valentino, il quartiere San Salvario-Valentino viene considerato uno dei quartieri centrali pi\u00f9 &#8220;green&#8221; della citt\u00e0. Il quartiere al suo interno \u00e8 ricco e colorato grazie alle svariate attivit\u00e0 che ospita, dalla ristorazione ai negozi di restauro fino ai caratteristici mercati di Piazza Madama Cristina. Ai margini di tutto ci\u00f2 [&hellip;]\" \/>\n<meta property=\"og:url\" content=\"https:\/\/gieffe.elwood.agency\/it\/immobile\/appartamento-di-alta-rappresentanza-260-mq-valentino\/\" \/>\n<meta property=\"og:site_name\" content=\"Gieffe Patrimoni\" \/>\n<meta property=\"article:modified_time\" content=\"2024-12-07T05:28:51+00:00\" \/>\n<meta property=\"og:image\" content=\"https:\/\/gieffe.elwood.agency\/wp-content\/uploads\/2024\/11\/Appartamento-di-alta-rappresentanza.-260-mq.-Valentino.jpg\" \/>\n\t<meta property=\"og:image:width\" content=\"1400\" \/>\n\t<meta property=\"og:image:height\" content=\"1050\" \/>\n\t<meta property=\"og:image:type\" content=\"image\/jpeg\" \/>\n<meta name=\"twitter:card\" content=\"summary_large_image\" \/>\n<meta name=\"twitter:label1\" content=\"Tempo di lettura stimato\" \/>\n\t<meta name=\"twitter:data1\" content=\"2 minuti\" \/>\n<script type=\"application\/ld+json\" class=\"yoast-schema-graph\">{\"@context\":\"https:\/\/schema.org\",\"@graph\":[{\"@type\":\"WebPage\",\"@id\":\"https:\/\/gieffe.elwood.agency\/it\/immobile\/appartamento-di-alta-rappresentanza-260-mq-valentino\/\",\"url\":\"https:\/\/gieffe.elwood.agency\/it\/immobile\/appartamento-di-alta-rappresentanza-260-mq-valentino\/\",\"name\":\"Appartamento di alta rappresentanza. 260 mq. Valentino. - Gieffe Patrimoni\",\"isPartOf\":{\"@id\":\"https:\/\/gieffe.elwood.agency\/it\/#website\"},\"primaryImageOfPage\":{\"@id\":\"https:\/\/gieffe.elwood.agency\/it\/immobile\/appartamento-di-alta-rappresentanza-260-mq-valentino\/#primaryimage\"},\"image\":{\"@id\":\"https:\/\/gieffe.elwood.agency\/it\/immobile\/appartamento-di-alta-rappresentanza-260-mq-valentino\/#primaryimage\"},\"thumbnailUrl\":\"https:\/\/gieffe.elwood.agency\/wp-content\/uploads\/2024\/11\/Appartamento-di-alta-rappresentanza.-260-mq.-Valentino.jpg\",\"datePublished\":\"2024-11-20T14:46:39+00:00\",\"dateModified\":\"2024-12-07T05:28:51+00:00\",\"breadcrumb\":{\"@id\":\"https:\/\/gieffe.elwood.agency\/it\/immobile\/appartamento-di-alta-rappresentanza-260-mq-valentino\/#breadcrumb\"},\"inLanguage\":\"it-IT\",\"potentialAction\":[{\"@type\":\"ReadAction\",\"target\":[\"https:\/\/gieffe.elwood.agency\/it\/immobile\/appartamento-di-alta-rappresentanza-260-mq-valentino\/\"]}]},{\"@type\":\"ImageObject\",\"inLanguage\":\"it-IT\",\"@id\":\"https:\/\/gieffe.elwood.agency\/it\/immobile\/appartamento-di-alta-rappresentanza-260-mq-valentino\/#primaryimage\",\"url\":\"https:\/\/gieffe.elwood.agency\/wp-content\/uploads\/2024\/11\/Appartamento-di-alta-rappresentanza.-260-mq.-Valentino.jpg\",\"contentUrl\":\"https:\/\/gieffe.elwood.agency\/wp-content\/uploads\/2024\/11\/Appartamento-di-alta-rappresentanza.-260-mq.-Valentino.jpg\",\"width\":1400,\"height\":1050,\"caption\":\"Appartamento di alta rappresentanza. 260 mq. Valentino.\"},{\"@type\":\"BreadcrumbList\",\"@id\":\"https:\/\/gieffe.elwood.agency\/it\/immobile\/appartamento-di-alta-rappresentanza-260-mq-valentino\/#breadcrumb\",\"itemListElement\":[{\"@type\":\"ListItem\",\"position\":1,\"name\":\"Gieffe Patrimoni\",\"item\":\"https:\/\/gieffe.elwood.agency\/it\/\"},{\"@type\":\"ListItem\",\"position\":2,\"name\":\"Immobili\",\"item\":\"https:\/\/gieffe.elwood.agency\/it\/immobile\/\"},{\"@type\":\"ListItem\",\"position\":3,\"name\":\"Residenziali\",\"item\":\"https:\/\/gieffe.elwood.agency\/it\/categoria_immobile\/residenziali\/\"},{\"@type\":\"ListItem\",\"position\":4,\"name\":\"Appartamento di alta rappresentanza. 260 mq. Valentino.\"}]},{\"@type\":\"WebSite\",\"@id\":\"https:\/\/gieffe.elwood.agency\/it\/#website\",\"url\":\"https:\/\/gieffe.elwood.agency\/it\/\",\"name\":\"Gieffe Patrimoni\",\"description\":\"\",\"publisher\":{\"@id\":\"https:\/\/gieffe.elwood.agency\/it\/#organization\"},\"potentialAction\":[{\"@type\":\"SearchAction\",\"target\":{\"@type\":\"EntryPoint\",\"urlTemplate\":\"https:\/\/gieffe.elwood.agency\/it\/?s={search_term_string}\"},\"query-input\":\"required name=search_term_string\"}],\"inLanguage\":\"it-IT\"},{\"@type\":\"Organization\",\"@id\":\"https:\/\/gieffe.elwood.agency\/it\/#organization\",\"name\":\"Gieffe Patrimoni\",\"url\":\"https:\/\/gieffe.elwood.agency\/it\/\",\"logo\":{\"@type\":\"ImageObject\",\"inLanguage\":\"it-IT\",\"@id\":\"https:\/\/gieffe.elwood.agency\/it\/#\/schema\/logo\/image\/\",\"url\":\"https:\/\/gieffe.elwood.agency\/wp-content\/uploads\/2024\/04\/logo-1.svg\",\"contentUrl\":\"https:\/\/gieffe.elwood.agency\/wp-content\/uploads\/2024\/04\/logo-1.svg\",\"width\":344,\"height\":78,\"caption\":\"Gieffe Patrimoni\"},\"image\":{\"@id\":\"https:\/\/gieffe.elwood.agency\/it\/#\/schema\/logo\/image\/\"}}]}<\/script>\n<!-- \/ Yoast SEO plugin. -->","yoast_head_json":{"title":"Appartamento di alta rappresentanza. 260 mq. Valentino. - Gieffe Patrimoni","robots":{"index":"noindex","follow":"follow","max-snippet":"max-snippet:-1","max-image-preview":"max-image-preview:large","max-video-preview":"max-video-preview:-1"},"og_locale":"it_IT","og_type":"article","og_title":"Appartamento di alta rappresentanza. 260 mq. Valentino. - Gieffe Patrimoni","og_description":"Caratterizzato dal verde del Parco del Valentino, il quartiere San Salvario-Valentino viene considerato uno dei quartieri centrali pi\u00f9 &#8220;green&#8221; della citt\u00e0. Il quartiere al suo interno \u00e8 ricco e colorato grazie alle svariate attivit\u00e0 che ospita, dalla ristorazione ai negozi di restauro fino ai caratteristici mercati di Piazza Madama Cristina. Ai margini di tutto ci\u00f2 [&hellip;]","og_url":"https:\/\/gieffe.elwood.agency\/it\/immobile\/appartamento-di-alta-rappresentanza-260-mq-valentino\/","og_site_name":"Gieffe Patrimoni","article_modified_time":"2024-12-07T05:28:51+00:00","og_image":[{"width":1400,"height":1050,"url":"https:\/\/gieffe.elwood.agency\/wp-content\/uploads\/2024\/11\/Appartamento-di-alta-rappresentanza.-260-mq.-Valentino.jpg","type":"image\/jpeg"}],"twitter_card":"summary_large_image","twitter_misc":{"Tempo di lettura stimato":"2 minuti"},"schema":{"@context":"https:\/\/schema.org","@graph":[{"@type":"WebPage","@id":"https:\/\/gieffe.elwood.agency\/it\/immobile\/appartamento-di-alta-rappresentanza-260-mq-valentino\/","url":"https:\/\/gieffe.elwood.agency\/it\/immobile\/appartamento-di-alta-rappresentanza-260-mq-valentino\/","name":"Appartamento di alta rappresentanza. 260 mq. Valentino. - Gieffe Patrimoni","isPartOf":{"@id":"https:\/\/gieffe.elwood.agency\/it\/#website"},"primaryImageOfPage":{"@id":"https:\/\/gieffe.elwood.agency\/it\/immobile\/appartamento-di-alta-rappresentanza-260-mq-valentino\/#primaryimage"},"image":{"@id":"https:\/\/gieffe.elwood.agency\/it\/immobile\/appartamento-di-alta-rappresentanza-260-mq-valentino\/#primaryimage"},"thumbnailUrl":"https:\/\/gieffe.elwood.agency\/wp-content\/uploads\/2024\/11\/Appartamento-di-alta-rappresentanza.-260-mq.-Valentino.jpg","datePublished":"2024-11-20T14:46:39+00:00","dateModified":"2024-12-07T05:28:51+00:00","breadcrumb":{"@id":"https:\/\/gieffe.elwood.agency\/it\/immobile\/appartamento-di-alta-rappresentanza-260-mq-valentino\/#breadcrumb"},"inLanguage":"it-IT","potentialAction":[{"@type":"ReadAction","target":["https:\/\/gieffe.elwood.agency\/it\/immobile\/appartamento-di-alta-rappresentanza-260-mq-valentino\/"]}]},{"@type":"ImageObject","inLanguage":"it-IT","@id":"https:\/\/gieffe.elwood.agency\/it\/immobile\/appartamento-di-alta-rappresentanza-260-mq-valentino\/#primaryimage","url":"https:\/\/gieffe.elwood.agency\/wp-content\/uploads\/2024\/11\/Appartamento-di-alta-rappresentanza.-260-mq.-Valentino.jpg","contentUrl":"https:\/\/gieffe.elwood.agency\/wp-content\/uploads\/2024\/11\/Appartamento-di-alta-rappresentanza.-260-mq.-Valentino.jpg","width":1400,"height":1050,"caption":"Appartamento di alta rappresentanza. 260 mq. Valentino."},{"@type":"BreadcrumbList","@id":"https:\/\/gieffe.elwood.agency\/it\/immobile\/appartamento-di-alta-rappresentanza-260-mq-valentino\/#breadcrumb","itemListElement":[{"@type":"ListItem","position":1,"name":"Gieffe Patrimoni","item":"https:\/\/gieffe.elwood.agency\/it\/"},{"@type":"ListItem","position":2,"name":"Immobili","item":"https:\/\/gieffe.elwood.agency\/it\/immobile\/"},{"@type":"ListItem","position":3,"name":"Residenziali","item":"https:\/\/gieffe.elwood.agency\/it\/categoria_immobile\/residenziali\/"},{"@type":"ListItem","position":4,"name":"Appartamento di alta rappresentanza. 260 mq. Valentino."}]},{"@type":"WebSite","@id":"https:\/\/gieffe.elwood.agency\/it\/#website","url":"https:\/\/gieffe.elwood.agency\/it\/","name":"Gieffe Patrimoni","description":"","publisher":{"@id":"https:\/\/gieffe.elwood.agency\/it\/#organization"},"potentialAction":[{"@type":"SearchAction","target":{"@type":"EntryPoint","urlTemplate":"https:\/\/gieffe.elwood.agency\/it\/?s={search_term_string}"},"query-input":"required name=search_term_string"}],"inLanguage":"it-IT"},{"@type":"Organization","@id":"https:\/\/gieffe.elwood.agency\/it\/#organization","name":"Gieffe Patrimoni","url":"https:\/\/gieffe.elwood.agency\/it\/","logo":{"@type":"ImageObject","inLanguage":"it-IT","@id":"https:\/\/gieffe.elwood.agency\/it\/#\/schema\/logo\/image\/","url":"https:\/\/gieffe.elwood.agency\/wp-content\/uploads\/2024\/04\/logo-1.svg","contentUrl":"https:\/\/gieffe.elwood.agency\/wp-content\/uploads\/2024\/04\/logo-1.svg","width":344,"height":78,"caption":"Gieffe Patrimoni"},"image":{"@id":"https:\/\/gieffe.elwood.agency\/it\/#\/schema\/logo\/image\/"}}]}},"_links":{"self":[{"href":"https:\/\/gieffe.elwood.agency\/it\/wp-json\/wp\/v2\/immobile\/74408","targetHints":{"allow":["GET"]}}],"collection":[{"href":"https:\/\/gieffe.elwood.agency\/it\/wp-json\/wp\/v2\/immobile"}],"about":[{"href":"https:\/\/gieffe.elwood.agency\/it\/wp-json\/wp\/v2\/types\/immobile"}],"wp:featuredmedia":[{"embeddable":true,"href":"https:\/\/gieffe.elwood.agency\/it\/wp-json\/wp\/v2\/media\/74409"}],"wp:attachment":[{"href":"https:\/\/gieffe.elwood.agency\/it\/wp-json\/wp\/v2\/media?parent=74408"}],"wp:term":[{"taxonomy":"categoria_immobile","embeddable":true,"href":"https:\/\/gieffe.elwood.agency\/it\/wp-json\/wp\/v2\/categoria_immobile?post=74408"},{"taxonomy":"tipologia_offerta","embeddable":true,"href":"https:\/\/gieffe.elwood.agency\/it\/wp-json\/wp\/v2\/tipologia_offerta?post=74408"},{"taxonomy":"tipologia_immobile","embeddable":true,"href":"https:\/\/gieffe.elwood.agency\/it\/wp-json\/wp\/v2\/tipologia_immobile?post=74408"}],"curies":[{"name":"wp","href":"https:\/\/api.w.org\/{rel}","templated":true}]}}