{"id":73799,"date":"2024-11-20T15:43:30","date_gmt":"2024-11-20T14:43:30","guid":{"rendered":"https:\/\/gieffe.elwood.agency\/immobile\/immobile-convento-in-franciacorta-brescia\/"},"modified":"2024-12-07T06:25:14","modified_gmt":"2024-12-07T05:25:14","slug":"immobile-convento-in-franciacorta-brescia","status":"publish","type":"immobile","link":"https:\/\/gieffe.elwood.agency\/it\/immobile\/immobile-convento-in-franciacorta-brescia\/","title":{"rendered":"Immobile-convento, in Franciacorta. Brescia."},"content":{"rendered":"<p>Brescia \u00e8 un comune italiano di 200 423 abitanti, capoluogo dell\u2018omonima provincia in Lombardia ed \u00e8 il secondo comune della regione per popolazione, dopo Milano. In prossimit\u00e0 del quartiere Abba appena fuori dalla citt\u00e0 ed immerso nello splendido paesaggio collinare limitrofo da cui inizia il territorio Franciacorta, il plesso dista pochi km dal centro storico e dagli uffici comunali . Via Torricella di Sopra collega Brescia con la parte Nord Ovest della Provincia collegata anche dalla linea di autobus locali con fermata antistante l\u2019ingresso principale dell\u2019Immobile. Le origini della citt\u00e0 risalgono a oltre 3200 anni fa, ed \u00e8 presente nel suo territorio un patrimonio artistico culturale di interesse mondiale infatti i suoi monumenti sono stati dichiarati dall\u2018Unesco Patrimonio mondiale dell umanit\u00e0. Brescia \u00e8 tra i principali centri economico produttivi del Paese. Per i collegamenti stradali a citt\u00e0 \u00e8 attraversata dall Autostrada A4 che la collega a To, Mi, Bg, Vr, \u00e8 inoltre raggiungibile dall\u2018Autostrada A 21 che la collega con Cr, Pc, oltre svariate stazione ferroviarie; il centro citt\u00e0 dista circa 15 km dall\u2019aeroporto di Brescia Montichiari. Il complesso immobiliare \u00e8 cos\u00ec costituito: un fabbricato principale che si sviluppa di fronte a un cortile giardino interno, con tre piani fuori terra ed una piccola porzione al piano seminterrato sul lato destro del fabbricato. In catasto l\u2019intero plesso \u00e8 identificato con il SUB 1 Un fabbricato secondario con un piano fuori terra che comprende In catasto il complesso \u00e8 diviso rispettivamente nei SUB 2 3 4 5 6 7 8. I mq totali sono 12.717 oltre a 33.000 mq di terreni. L\u2019Immobile rientra all\u2019interno del P G T nelle Aree di salvaguardia e mitigazione ambientale con peculiarit\u00e0 di Parco Locale con Interesse. Finalit\u00e0 per tale aree, il PR individua specifiche politiche finalizzate alla tutela e valorizzazione dei caratteri ambientali e paesaggistici, nonch\u00e9 alla mitigazione degli impatti ambientali costituiti dalla prossimit\u00e0 di attivit\u00e0 antropiche, nel rispetto comunque delle componenti paesaggistiche e del sistema di connessioni ecologiche reali o potenziali. Per quanto riguarda aree non edificate la destinazione d\u2019uso principale \u00e8 servizi limitatamente a \u201cverde di mitigazione\u201d.Per quanto riguarda gli edifici esistenti la destinazioni d&#8217;uso principale \u00e8 quella agricola ma sono ammessi: attivit\u00e0 direzionali, artigianali e produzione di beni immateriali, oltre che residenze e attivit\u00e0 ricettive, dove sono consentiti esclusivamente interventi di ristrutturazione qualora l\u2019intervento si attui mediante demolizione e ricostruzione, questa in linea generale, dovr\u00e0 avvenire senza modifica di sagoma. Tuttavia solo con una Due Diligence urbanistica edilizia approfondita sarebbe possibile avere certezza della possibilit\u00e0 di trasformazione e le modalit\u00e0 di attuazione. Per informazioni: GIEFFE PATRIMONI Real Estate Advisor, Torino \u2013 Londra \u2013 Alba \u2013 Milano \u2013 Roma. (+39) 011 \/ 76.000.11<\/p>\n","protected":false},"excerpt":{"rendered":"<p>Brescia \u00e8 un comune italiano di 200 423 abitanti, capoluogo dell\u2018omonima provincia in Lombardia ed \u00e8 il secondo comune della regione per popolazione, dopo Milano. In prossimit\u00e0 del quartiere Abba appena fuori dalla citt\u00e0 ed immerso nello splendido paesaggio collinare limitrofo da cui inizia il territorio Franciacorta, il plesso dista pochi km dal centro storico [&hellip;]<\/p>\n","protected":false},"featured_media":73823,"template":"","meta":{"_acf_changed":false,"inline_featured_image":false},"categoria_immobile":[85],"tipologia_offerta":[94],"tipologia_immobile":[60],"class_list":["post-73799","immobile","type-immobile","status-publish","has-post-thumbnail","hentry","categoria_immobile-residenziali","tipologia_offerta-vendita","tipologia_immobile-stabile"],"acf":[],"yoast_head":"<!-- This site is optimized with the Yoast SEO plugin v22.8 - https:\/\/yoast.com\/wordpress\/plugins\/seo\/ -->\n<title>Immobile-convento, in Franciacorta. Brescia. - Gieffe Patrimoni<\/title>\n<meta name=\"robots\" content=\"noindex, follow, max-snippet:-1, max-image-preview:large, max-video-preview:-1\" \/>\n<meta property=\"og:locale\" content=\"it_IT\" \/>\n<meta property=\"og:type\" content=\"article\" \/>\n<meta property=\"og:title\" content=\"Immobile-convento, in Franciacorta. Brescia. - Gieffe Patrimoni\" \/>\n<meta property=\"og:description\" content=\"Brescia \u00e8 un comune italiano di 200 423 abitanti, capoluogo dell\u2018omonima provincia in Lombardia ed \u00e8 il secondo comune della regione per popolazione, dopo Milano. In prossimit\u00e0 del quartiere Abba appena fuori dalla citt\u00e0 ed immerso nello splendido paesaggio collinare limitrofo da cui inizia il territorio Franciacorta, il plesso dista pochi km dal centro storico [&hellip;]\" \/>\n<meta property=\"og:url\" content=\"https:\/\/gieffe.elwood.agency\/it\/immobile\/immobile-convento-in-franciacorta-brescia\/\" \/>\n<meta property=\"og:site_name\" content=\"Gieffe Patrimoni\" \/>\n<meta property=\"article:modified_time\" content=\"2024-12-07T05:25:14+00:00\" \/>\n<meta property=\"og:image\" content=\"https:\/\/gieffe.elwood.agency\/wp-content\/uploads\/2024\/11\/Immobile-convento-in-Franciacorta.-Brescia.jpg\" \/>\n\t<meta property=\"og:image:width\" content=\"1400\" \/>\n\t<meta property=\"og:image:height\" content=\"1050\" \/>\n\t<meta property=\"og:image:type\" content=\"image\/jpeg\" \/>\n<meta name=\"twitter:card\" content=\"summary_large_image\" \/>\n<meta name=\"twitter:label1\" content=\"Tempo di lettura stimato\" \/>\n\t<meta name=\"twitter:data1\" content=\"2 minuti\" \/>\n<script type=\"application\/ld+json\" class=\"yoast-schema-graph\">{\"@context\":\"https:\/\/schema.org\",\"@graph\":[{\"@type\":\"WebPage\",\"@id\":\"https:\/\/gieffe.elwood.agency\/it\/immobile\/immobile-convento-in-franciacorta-brescia\/\",\"url\":\"https:\/\/gieffe.elwood.agency\/it\/immobile\/immobile-convento-in-franciacorta-brescia\/\",\"name\":\"Immobile-convento, in Franciacorta. Brescia. - Gieffe Patrimoni\",\"isPartOf\":{\"@id\":\"https:\/\/gieffe.elwood.agency\/it\/#website\"},\"primaryImageOfPage\":{\"@id\":\"https:\/\/gieffe.elwood.agency\/it\/immobile\/immobile-convento-in-franciacorta-brescia\/#primaryimage\"},\"image\":{\"@id\":\"https:\/\/gieffe.elwood.agency\/it\/immobile\/immobile-convento-in-franciacorta-brescia\/#primaryimage\"},\"thumbnailUrl\":\"https:\/\/gieffe.elwood.agency\/wp-content\/uploads\/2024\/11\/Immobile-convento-in-Franciacorta.-Brescia.jpg\",\"datePublished\":\"2024-11-20T14:43:30+00:00\",\"dateModified\":\"2024-12-07T05:25:14+00:00\",\"breadcrumb\":{\"@id\":\"https:\/\/gieffe.elwood.agency\/it\/immobile\/immobile-convento-in-franciacorta-brescia\/#breadcrumb\"},\"inLanguage\":\"it-IT\",\"potentialAction\":[{\"@type\":\"ReadAction\",\"target\":[\"https:\/\/gieffe.elwood.agency\/it\/immobile\/immobile-convento-in-franciacorta-brescia\/\"]}]},{\"@type\":\"ImageObject\",\"inLanguage\":\"it-IT\",\"@id\":\"https:\/\/gieffe.elwood.agency\/it\/immobile\/immobile-convento-in-franciacorta-brescia\/#primaryimage\",\"url\":\"https:\/\/gieffe.elwood.agency\/wp-content\/uploads\/2024\/11\/Immobile-convento-in-Franciacorta.-Brescia.jpg\",\"contentUrl\":\"https:\/\/gieffe.elwood.agency\/wp-content\/uploads\/2024\/11\/Immobile-convento-in-Franciacorta.-Brescia.jpg\",\"width\":1400,\"height\":1050,\"caption\":\"Immobile-convento\"},{\"@type\":\"BreadcrumbList\",\"@id\":\"https:\/\/gieffe.elwood.agency\/it\/immobile\/immobile-convento-in-franciacorta-brescia\/#breadcrumb\",\"itemListElement\":[{\"@type\":\"ListItem\",\"position\":1,\"name\":\"Gieffe Patrimoni\",\"item\":\"https:\/\/gieffe.elwood.agency\/it\/\"},{\"@type\":\"ListItem\",\"position\":2,\"name\":\"Immobili\",\"item\":\"https:\/\/gieffe.elwood.agency\/it\/immobile\/\"},{\"@type\":\"ListItem\",\"position\":3,\"name\":\"Residenziali\",\"item\":\"https:\/\/gieffe.elwood.agency\/it\/categoria_immobile\/residenziali\/\"},{\"@type\":\"ListItem\",\"position\":4,\"name\":\"Immobile-convento, in Franciacorta. Brescia.\"}]},{\"@type\":\"WebSite\",\"@id\":\"https:\/\/gieffe.elwood.agency\/it\/#website\",\"url\":\"https:\/\/gieffe.elwood.agency\/it\/\",\"name\":\"Gieffe Patrimoni\",\"description\":\"\",\"publisher\":{\"@id\":\"https:\/\/gieffe.elwood.agency\/it\/#organization\"},\"potentialAction\":[{\"@type\":\"SearchAction\",\"target\":{\"@type\":\"EntryPoint\",\"urlTemplate\":\"https:\/\/gieffe.elwood.agency\/it\/?s={search_term_string}\"},\"query-input\":\"required name=search_term_string\"}],\"inLanguage\":\"it-IT\"},{\"@type\":\"Organization\",\"@id\":\"https:\/\/gieffe.elwood.agency\/it\/#organization\",\"name\":\"Gieffe Patrimoni\",\"url\":\"https:\/\/gieffe.elwood.agency\/it\/\",\"logo\":{\"@type\":\"ImageObject\",\"inLanguage\":\"it-IT\",\"@id\":\"https:\/\/gieffe.elwood.agency\/it\/#\/schema\/logo\/image\/\",\"url\":\"https:\/\/gieffe.elwood.agency\/wp-content\/uploads\/2024\/04\/logo-1.svg\",\"contentUrl\":\"https:\/\/gieffe.elwood.agency\/wp-content\/uploads\/2024\/04\/logo-1.svg\",\"width\":344,\"height\":78,\"caption\":\"Gieffe Patrimoni\"},\"image\":{\"@id\":\"https:\/\/gieffe.elwood.agency\/it\/#\/schema\/logo\/image\/\"}}]}<\/script>\n<!-- \/ Yoast SEO plugin. -->","yoast_head_json":{"title":"Immobile-convento, in Franciacorta. Brescia. - Gieffe Patrimoni","robots":{"index":"noindex","follow":"follow","max-snippet":"max-snippet:-1","max-image-preview":"max-image-preview:large","max-video-preview":"max-video-preview:-1"},"og_locale":"it_IT","og_type":"article","og_title":"Immobile-convento, in Franciacorta. Brescia. - Gieffe Patrimoni","og_description":"Brescia \u00e8 un comune italiano di 200 423 abitanti, capoluogo dell\u2018omonima provincia in Lombardia ed \u00e8 il secondo comune della regione per popolazione, dopo Milano. In prossimit\u00e0 del quartiere Abba appena fuori dalla citt\u00e0 ed immerso nello splendido paesaggio collinare limitrofo da cui inizia il territorio Franciacorta, il plesso dista pochi km dal centro storico [&hellip;]","og_url":"https:\/\/gieffe.elwood.agency\/it\/immobile\/immobile-convento-in-franciacorta-brescia\/","og_site_name":"Gieffe Patrimoni","article_modified_time":"2024-12-07T05:25:14+00:00","og_image":[{"width":1400,"height":1050,"url":"https:\/\/gieffe.elwood.agency\/wp-content\/uploads\/2024\/11\/Immobile-convento-in-Franciacorta.-Brescia.jpg","type":"image\/jpeg"}],"twitter_card":"summary_large_image","twitter_misc":{"Tempo di lettura stimato":"2 minuti"},"schema":{"@context":"https:\/\/schema.org","@graph":[{"@type":"WebPage","@id":"https:\/\/gieffe.elwood.agency\/it\/immobile\/immobile-convento-in-franciacorta-brescia\/","url":"https:\/\/gieffe.elwood.agency\/it\/immobile\/immobile-convento-in-franciacorta-brescia\/","name":"Immobile-convento, in Franciacorta. Brescia. - Gieffe Patrimoni","isPartOf":{"@id":"https:\/\/gieffe.elwood.agency\/it\/#website"},"primaryImageOfPage":{"@id":"https:\/\/gieffe.elwood.agency\/it\/immobile\/immobile-convento-in-franciacorta-brescia\/#primaryimage"},"image":{"@id":"https:\/\/gieffe.elwood.agency\/it\/immobile\/immobile-convento-in-franciacorta-brescia\/#primaryimage"},"thumbnailUrl":"https:\/\/gieffe.elwood.agency\/wp-content\/uploads\/2024\/11\/Immobile-convento-in-Franciacorta.-Brescia.jpg","datePublished":"2024-11-20T14:43:30+00:00","dateModified":"2024-12-07T05:25:14+00:00","breadcrumb":{"@id":"https:\/\/gieffe.elwood.agency\/it\/immobile\/immobile-convento-in-franciacorta-brescia\/#breadcrumb"},"inLanguage":"it-IT","potentialAction":[{"@type":"ReadAction","target":["https:\/\/gieffe.elwood.agency\/it\/immobile\/immobile-convento-in-franciacorta-brescia\/"]}]},{"@type":"ImageObject","inLanguage":"it-IT","@id":"https:\/\/gieffe.elwood.agency\/it\/immobile\/immobile-convento-in-franciacorta-brescia\/#primaryimage","url":"https:\/\/gieffe.elwood.agency\/wp-content\/uploads\/2024\/11\/Immobile-convento-in-Franciacorta.-Brescia.jpg","contentUrl":"https:\/\/gieffe.elwood.agency\/wp-content\/uploads\/2024\/11\/Immobile-convento-in-Franciacorta.-Brescia.jpg","width":1400,"height":1050,"caption":"Immobile-convento"},{"@type":"BreadcrumbList","@id":"https:\/\/gieffe.elwood.agency\/it\/immobile\/immobile-convento-in-franciacorta-brescia\/#breadcrumb","itemListElement":[{"@type":"ListItem","position":1,"name":"Gieffe Patrimoni","item":"https:\/\/gieffe.elwood.agency\/it\/"},{"@type":"ListItem","position":2,"name":"Immobili","item":"https:\/\/gieffe.elwood.agency\/it\/immobile\/"},{"@type":"ListItem","position":3,"name":"Residenziali","item":"https:\/\/gieffe.elwood.agency\/it\/categoria_immobile\/residenziali\/"},{"@type":"ListItem","position":4,"name":"Immobile-convento, in Franciacorta. Brescia."}]},{"@type":"WebSite","@id":"https:\/\/gieffe.elwood.agency\/it\/#website","url":"https:\/\/gieffe.elwood.agency\/it\/","name":"Gieffe Patrimoni","description":"","publisher":{"@id":"https:\/\/gieffe.elwood.agency\/it\/#organization"},"potentialAction":[{"@type":"SearchAction","target":{"@type":"EntryPoint","urlTemplate":"https:\/\/gieffe.elwood.agency\/it\/?s={search_term_string}"},"query-input":"required name=search_term_string"}],"inLanguage":"it-IT"},{"@type":"Organization","@id":"https:\/\/gieffe.elwood.agency\/it\/#organization","name":"Gieffe Patrimoni","url":"https:\/\/gieffe.elwood.agency\/it\/","logo":{"@type":"ImageObject","inLanguage":"it-IT","@id":"https:\/\/gieffe.elwood.agency\/it\/#\/schema\/logo\/image\/","url":"https:\/\/gieffe.elwood.agency\/wp-content\/uploads\/2024\/04\/logo-1.svg","contentUrl":"https:\/\/gieffe.elwood.agency\/wp-content\/uploads\/2024\/04\/logo-1.svg","width":344,"height":78,"caption":"Gieffe Patrimoni"},"image":{"@id":"https:\/\/gieffe.elwood.agency\/it\/#\/schema\/logo\/image\/"}}]}},"_links":{"self":[{"href":"https:\/\/gieffe.elwood.agency\/it\/wp-json\/wp\/v2\/immobile\/73799","targetHints":{"allow":["GET"]}}],"collection":[{"href":"https:\/\/gieffe.elwood.agency\/it\/wp-json\/wp\/v2\/immobile"}],"about":[{"href":"https:\/\/gieffe.elwood.agency\/it\/wp-json\/wp\/v2\/types\/immobile"}],"wp:featuredmedia":[{"embeddable":true,"href":"https:\/\/gieffe.elwood.agency\/it\/wp-json\/wp\/v2\/media\/73823"}],"wp:attachment":[{"href":"https:\/\/gieffe.elwood.agency\/it\/wp-json\/wp\/v2\/media?parent=73799"}],"wp:term":[{"taxonomy":"categoria_immobile","embeddable":true,"href":"https:\/\/gieffe.elwood.agency\/it\/wp-json\/wp\/v2\/categoria_immobile?post=73799"},{"taxonomy":"tipologia_offerta","embeddable":true,"href":"https:\/\/gieffe.elwood.agency\/it\/wp-json\/wp\/v2\/tipologia_offerta?post=73799"},{"taxonomy":"tipologia_immobile","embeddable":true,"href":"https:\/\/gieffe.elwood.agency\/it\/wp-json\/wp\/v2\/tipologia_immobile?post=73799"}],"curies":[{"name":"wp","href":"https:\/\/api.w.org\/{rel}","templated":true}]}}