{"id":73692,"date":"2024-11-20T15:46:38","date_gmt":"2024-11-20T14:46:38","guid":{"rendered":"https:\/\/gieffe.elwood.agency\/immobile\/appartamento-tre-camere-da-lettoristrutturato-precollina\/"},"modified":"2024-12-07T06:25:07","modified_gmt":"2024-12-07T05:25:07","slug":"appartamento-tre-camere-da-lettoristrutturato-precollina","status":"publish","type":"immobile","link":"https:\/\/gieffe.elwood.agency\/it\/immobile\/appartamento-tre-camere-da-lettoristrutturato-precollina\/","title":{"rendered":"Appartamento, tre camere da letto,ristrutturato. Precollina."},"content":{"rendered":"<p>A pochi passi da Corso Fiume e Piazza Crimea, in Strada del Nobile al numero 35 in piena pre-collina di Torino, la palazzina del 1960 ospita tre unit\u00e0 immobiliari in un contesto verde e signorile. Con accesso da strada fronte passo carraio elettrificato, l&#8217;edificio di graziosa fattura \u00e8 contornato dal verde del parco condominiale e quindi arretrato e nascosto rispetto alla strada. Sito al primo piano, l&#8217;appartamento distribuito su circa 230 mq, \u00e8 stato oggetto di una completa e attenta ristrutturazione da parte della attuale propriet\u00e0, in ogni aspetto e quindi dai serramenti oggi tutti in doppio vetro, alla predisposizione per impianto ad aria condizionata, impianto elettrico e idrico ed ogni arredo architettonico interno. Oggi lo stile \u00e8 classico moderno e luminoso, con ambienti che si fondono l&#8217;uno nell&#8217;altro con continuit\u00e0 di stile in tonalit\u00e0 neutre e delicate. L&#8217;ingresso cui si accede da comoda scala esterna fronte delizioso giardinetto piantumato, ospita un grande vestiaire che con il corridoio di passaggio delimita e separa zona giorno da zona notte. L&#8217;ampia cucina con isola centrale e ampio balcone dispone di locale lavanderia e locale dispensa, pi\u00f9 una zona pranzo che \u00e8 separata da una vetrata a soffietto Rimadesio dal salone doppio, che ha affaccio su tre lati attraverso il terrazzo che offre lo sguardo al verde del giardino e della prima collina di Torino. Il salone \u00e8 dotato di termo-camino a pellet che ha ventilazione forzata e canalizzata nella zona notte. Ampio disimpegno e bagno di servizio finestrato. Nella prima zona notte due camere da letto ( o una camera e ampio studio ). Zona notte padronale dotata di disimpegno, cabina armadio, bagno con finestra e ampia camera da letto. Massima cura nella scelta dei materiali e arredi architettonici interni. Tapparelle elettrificate. Antifurto volumetrico e perimetrale. Completano la propriet\u00e0 una cantina, un posto auto esterno e un box auto. Unit\u00e0 immobiliare di soli tre appartamenti, non vi \u00e8 quindi condominio. Riscaldamento autonomo a metano. Spese di gestione di circa 2000,00 euro per anno. Indirizzo prestigioso, a due passi dal centro di Torino ed immerso nel verde. Cat.Catastale A2, con Rc di 2129 euro. Per informazioni: GIEFFE PATRIMONI Real Estate Advisor, Torino \u2013 Londra \u2013 Alba \u2013 Milano \u2013 Roma. (+39) 011 \/ 76.000.11<\/p>\n","protected":false},"excerpt":{"rendered":"<p>A pochi passi da Corso Fiume e Piazza Crimea, in Strada del Nobile al numero 35 in piena pre-collina di Torino, la palazzina del 1960 ospita tre unit\u00e0 immobiliari in un contesto verde e signorile. Con accesso da strada fronte passo carraio elettrificato, l&#8217;edificio di graziosa fattura \u00e8 contornato dal verde del parco condominiale e [&hellip;]<\/p>\n","protected":false},"featured_media":73693,"template":"","meta":{"_acf_changed":false,"inline_featured_image":false},"categoria_immobile":[85],"tipologia_offerta":[94],"tipologia_immobile":[56],"class_list":["post-73692","immobile","type-immobile","status-publish","has-post-thumbnail","hentry","categoria_immobile-residenziali","tipologia_offerta-vendita","tipologia_immobile-appartamento"],"acf":[],"yoast_head":"<!-- This site is optimized with the Yoast SEO plugin v22.8 - https:\/\/yoast.com\/wordpress\/plugins\/seo\/ -->\n<title>Appartamento, tre camere da letto,ristrutturato. Precollina. - Gieffe Patrimoni<\/title>\n<meta name=\"robots\" content=\"noindex, follow, max-snippet:-1, max-image-preview:large, max-video-preview:-1\" \/>\n<meta property=\"og:locale\" content=\"it_IT\" \/>\n<meta property=\"og:type\" content=\"article\" \/>\n<meta property=\"og:title\" content=\"Appartamento, tre camere da letto,ristrutturato. Precollina. - Gieffe Patrimoni\" \/>\n<meta property=\"og:description\" content=\"A pochi passi da Corso Fiume e Piazza Crimea, in Strada del Nobile al numero 35 in piena pre-collina di Torino, la palazzina del 1960 ospita tre unit\u00e0 immobiliari in un contesto verde e signorile. Con accesso da strada fronte passo carraio elettrificato, l&#8217;edificio di graziosa fattura \u00e8 contornato dal verde del parco condominiale e [&hellip;]\" \/>\n<meta property=\"og:url\" content=\"https:\/\/gieffe.elwood.agency\/it\/immobile\/appartamento-tre-camere-da-lettoristrutturato-precollina\/\" \/>\n<meta property=\"og:site_name\" content=\"Gieffe Patrimoni\" \/>\n<meta property=\"article:modified_time\" content=\"2024-12-07T05:25:07+00:00\" \/>\n<meta property=\"og:image\" content=\"https:\/\/gieffe.elwood.agency\/wp-content\/uploads\/2024\/11\/Appartamento-tre-camere-da-lettoristrutturato.-Precollina.jpg\" \/>\n\t<meta property=\"og:image:width\" content=\"1400\" \/>\n\t<meta property=\"og:image:height\" content=\"1050\" \/>\n\t<meta property=\"og:image:type\" content=\"image\/jpeg\" \/>\n<meta name=\"twitter:card\" content=\"summary_large_image\" \/>\n<meta name=\"twitter:label1\" content=\"Tempo di lettura stimato\" \/>\n\t<meta name=\"twitter:data1\" content=\"2 minuti\" \/>\n<script type=\"application\/ld+json\" class=\"yoast-schema-graph\">{\"@context\":\"https:\/\/schema.org\",\"@graph\":[{\"@type\":\"WebPage\",\"@id\":\"https:\/\/gieffe.elwood.agency\/it\/immobile\/appartamento-tre-camere-da-lettoristrutturato-precollina\/\",\"url\":\"https:\/\/gieffe.elwood.agency\/it\/immobile\/appartamento-tre-camere-da-lettoristrutturato-precollina\/\",\"name\":\"Appartamento, tre camere da letto,ristrutturato. Precollina. - Gieffe Patrimoni\",\"isPartOf\":{\"@id\":\"https:\/\/gieffe.elwood.agency\/it\/#website\"},\"primaryImageOfPage\":{\"@id\":\"https:\/\/gieffe.elwood.agency\/it\/immobile\/appartamento-tre-camere-da-lettoristrutturato-precollina\/#primaryimage\"},\"image\":{\"@id\":\"https:\/\/gieffe.elwood.agency\/it\/immobile\/appartamento-tre-camere-da-lettoristrutturato-precollina\/#primaryimage\"},\"thumbnailUrl\":\"https:\/\/gieffe.elwood.agency\/wp-content\/uploads\/2024\/11\/Appartamento-tre-camere-da-lettoristrutturato.-Precollina.jpg\",\"datePublished\":\"2024-11-20T14:46:38+00:00\",\"dateModified\":\"2024-12-07T05:25:07+00:00\",\"breadcrumb\":{\"@id\":\"https:\/\/gieffe.elwood.agency\/it\/immobile\/appartamento-tre-camere-da-lettoristrutturato-precollina\/#breadcrumb\"},\"inLanguage\":\"it-IT\",\"potentialAction\":[{\"@type\":\"ReadAction\",\"target\":[\"https:\/\/gieffe.elwood.agency\/it\/immobile\/appartamento-tre-camere-da-lettoristrutturato-precollina\/\"]}]},{\"@type\":\"ImageObject\",\"inLanguage\":\"it-IT\",\"@id\":\"https:\/\/gieffe.elwood.agency\/it\/immobile\/appartamento-tre-camere-da-lettoristrutturato-precollina\/#primaryimage\",\"url\":\"https:\/\/gieffe.elwood.agency\/wp-content\/uploads\/2024\/11\/Appartamento-tre-camere-da-lettoristrutturato.-Precollina.jpg\",\"contentUrl\":\"https:\/\/gieffe.elwood.agency\/wp-content\/uploads\/2024\/11\/Appartamento-tre-camere-da-lettoristrutturato.-Precollina.jpg\",\"width\":1400,\"height\":1050,\"caption\":\"Appartamento\"},{\"@type\":\"BreadcrumbList\",\"@id\":\"https:\/\/gieffe.elwood.agency\/it\/immobile\/appartamento-tre-camere-da-lettoristrutturato-precollina\/#breadcrumb\",\"itemListElement\":[{\"@type\":\"ListItem\",\"position\":1,\"name\":\"Gieffe Patrimoni\",\"item\":\"https:\/\/gieffe.elwood.agency\/it\/\"},{\"@type\":\"ListItem\",\"position\":2,\"name\":\"Immobili\",\"item\":\"https:\/\/gieffe.elwood.agency\/it\/immobile\/\"},{\"@type\":\"ListItem\",\"position\":3,\"name\":\"Residenziali\",\"item\":\"https:\/\/gieffe.elwood.agency\/it\/categoria_immobile\/residenziali\/\"},{\"@type\":\"ListItem\",\"position\":4,\"name\":\"Appartamento, tre camere da letto,ristrutturato. Precollina.\"}]},{\"@type\":\"WebSite\",\"@id\":\"https:\/\/gieffe.elwood.agency\/it\/#website\",\"url\":\"https:\/\/gieffe.elwood.agency\/it\/\",\"name\":\"Gieffe Patrimoni\",\"description\":\"\",\"publisher\":{\"@id\":\"https:\/\/gieffe.elwood.agency\/it\/#organization\"},\"potentialAction\":[{\"@type\":\"SearchAction\",\"target\":{\"@type\":\"EntryPoint\",\"urlTemplate\":\"https:\/\/gieffe.elwood.agency\/it\/?s={search_term_string}\"},\"query-input\":\"required name=search_term_string\"}],\"inLanguage\":\"it-IT\"},{\"@type\":\"Organization\",\"@id\":\"https:\/\/gieffe.elwood.agency\/it\/#organization\",\"name\":\"Gieffe Patrimoni\",\"url\":\"https:\/\/gieffe.elwood.agency\/it\/\",\"logo\":{\"@type\":\"ImageObject\",\"inLanguage\":\"it-IT\",\"@id\":\"https:\/\/gieffe.elwood.agency\/it\/#\/schema\/logo\/image\/\",\"url\":\"https:\/\/gieffe.elwood.agency\/wp-content\/uploads\/2024\/04\/logo-1.svg\",\"contentUrl\":\"https:\/\/gieffe.elwood.agency\/wp-content\/uploads\/2024\/04\/logo-1.svg\",\"width\":344,\"height\":78,\"caption\":\"Gieffe Patrimoni\"},\"image\":{\"@id\":\"https:\/\/gieffe.elwood.agency\/it\/#\/schema\/logo\/image\/\"}}]}<\/script>\n<!-- \/ Yoast SEO plugin. -->","yoast_head_json":{"title":"Appartamento, tre camere da letto,ristrutturato. Precollina. - Gieffe Patrimoni","robots":{"index":"noindex","follow":"follow","max-snippet":"max-snippet:-1","max-image-preview":"max-image-preview:large","max-video-preview":"max-video-preview:-1"},"og_locale":"it_IT","og_type":"article","og_title":"Appartamento, tre camere da letto,ristrutturato. Precollina. - Gieffe Patrimoni","og_description":"A pochi passi da Corso Fiume e Piazza Crimea, in Strada del Nobile al numero 35 in piena pre-collina di Torino, la palazzina del 1960 ospita tre unit\u00e0 immobiliari in un contesto verde e signorile. Con accesso da strada fronte passo carraio elettrificato, l&#8217;edificio di graziosa fattura \u00e8 contornato dal verde del parco condominiale e [&hellip;]","og_url":"https:\/\/gieffe.elwood.agency\/it\/immobile\/appartamento-tre-camere-da-lettoristrutturato-precollina\/","og_site_name":"Gieffe Patrimoni","article_modified_time":"2024-12-07T05:25:07+00:00","og_image":[{"width":1400,"height":1050,"url":"https:\/\/gieffe.elwood.agency\/wp-content\/uploads\/2024\/11\/Appartamento-tre-camere-da-lettoristrutturato.-Precollina.jpg","type":"image\/jpeg"}],"twitter_card":"summary_large_image","twitter_misc":{"Tempo di lettura stimato":"2 minuti"},"schema":{"@context":"https:\/\/schema.org","@graph":[{"@type":"WebPage","@id":"https:\/\/gieffe.elwood.agency\/it\/immobile\/appartamento-tre-camere-da-lettoristrutturato-precollina\/","url":"https:\/\/gieffe.elwood.agency\/it\/immobile\/appartamento-tre-camere-da-lettoristrutturato-precollina\/","name":"Appartamento, tre camere da letto,ristrutturato. Precollina. - Gieffe Patrimoni","isPartOf":{"@id":"https:\/\/gieffe.elwood.agency\/it\/#website"},"primaryImageOfPage":{"@id":"https:\/\/gieffe.elwood.agency\/it\/immobile\/appartamento-tre-camere-da-lettoristrutturato-precollina\/#primaryimage"},"image":{"@id":"https:\/\/gieffe.elwood.agency\/it\/immobile\/appartamento-tre-camere-da-lettoristrutturato-precollina\/#primaryimage"},"thumbnailUrl":"https:\/\/gieffe.elwood.agency\/wp-content\/uploads\/2024\/11\/Appartamento-tre-camere-da-lettoristrutturato.-Precollina.jpg","datePublished":"2024-11-20T14:46:38+00:00","dateModified":"2024-12-07T05:25:07+00:00","breadcrumb":{"@id":"https:\/\/gieffe.elwood.agency\/it\/immobile\/appartamento-tre-camere-da-lettoristrutturato-precollina\/#breadcrumb"},"inLanguage":"it-IT","potentialAction":[{"@type":"ReadAction","target":["https:\/\/gieffe.elwood.agency\/it\/immobile\/appartamento-tre-camere-da-lettoristrutturato-precollina\/"]}]},{"@type":"ImageObject","inLanguage":"it-IT","@id":"https:\/\/gieffe.elwood.agency\/it\/immobile\/appartamento-tre-camere-da-lettoristrutturato-precollina\/#primaryimage","url":"https:\/\/gieffe.elwood.agency\/wp-content\/uploads\/2024\/11\/Appartamento-tre-camere-da-lettoristrutturato.-Precollina.jpg","contentUrl":"https:\/\/gieffe.elwood.agency\/wp-content\/uploads\/2024\/11\/Appartamento-tre-camere-da-lettoristrutturato.-Precollina.jpg","width":1400,"height":1050,"caption":"Appartamento"},{"@type":"BreadcrumbList","@id":"https:\/\/gieffe.elwood.agency\/it\/immobile\/appartamento-tre-camere-da-lettoristrutturato-precollina\/#breadcrumb","itemListElement":[{"@type":"ListItem","position":1,"name":"Gieffe Patrimoni","item":"https:\/\/gieffe.elwood.agency\/it\/"},{"@type":"ListItem","position":2,"name":"Immobili","item":"https:\/\/gieffe.elwood.agency\/it\/immobile\/"},{"@type":"ListItem","position":3,"name":"Residenziali","item":"https:\/\/gieffe.elwood.agency\/it\/categoria_immobile\/residenziali\/"},{"@type":"ListItem","position":4,"name":"Appartamento, tre camere da letto,ristrutturato. Precollina."}]},{"@type":"WebSite","@id":"https:\/\/gieffe.elwood.agency\/it\/#website","url":"https:\/\/gieffe.elwood.agency\/it\/","name":"Gieffe Patrimoni","description":"","publisher":{"@id":"https:\/\/gieffe.elwood.agency\/it\/#organization"},"potentialAction":[{"@type":"SearchAction","target":{"@type":"EntryPoint","urlTemplate":"https:\/\/gieffe.elwood.agency\/it\/?s={search_term_string}"},"query-input":"required name=search_term_string"}],"inLanguage":"it-IT"},{"@type":"Organization","@id":"https:\/\/gieffe.elwood.agency\/it\/#organization","name":"Gieffe Patrimoni","url":"https:\/\/gieffe.elwood.agency\/it\/","logo":{"@type":"ImageObject","inLanguage":"it-IT","@id":"https:\/\/gieffe.elwood.agency\/it\/#\/schema\/logo\/image\/","url":"https:\/\/gieffe.elwood.agency\/wp-content\/uploads\/2024\/04\/logo-1.svg","contentUrl":"https:\/\/gieffe.elwood.agency\/wp-content\/uploads\/2024\/04\/logo-1.svg","width":344,"height":78,"caption":"Gieffe Patrimoni"},"image":{"@id":"https:\/\/gieffe.elwood.agency\/it\/#\/schema\/logo\/image\/"}}]}},"_links":{"self":[{"href":"https:\/\/gieffe.elwood.agency\/it\/wp-json\/wp\/v2\/immobile\/73692","targetHints":{"allow":["GET"]}}],"collection":[{"href":"https:\/\/gieffe.elwood.agency\/it\/wp-json\/wp\/v2\/immobile"}],"about":[{"href":"https:\/\/gieffe.elwood.agency\/it\/wp-json\/wp\/v2\/types\/immobile"}],"wp:featuredmedia":[{"embeddable":true,"href":"https:\/\/gieffe.elwood.agency\/it\/wp-json\/wp\/v2\/media\/73693"}],"wp:attachment":[{"href":"https:\/\/gieffe.elwood.agency\/it\/wp-json\/wp\/v2\/media?parent=73692"}],"wp:term":[{"taxonomy":"categoria_immobile","embeddable":true,"href":"https:\/\/gieffe.elwood.agency\/it\/wp-json\/wp\/v2\/categoria_immobile?post=73692"},{"taxonomy":"tipologia_offerta","embeddable":true,"href":"https:\/\/gieffe.elwood.agency\/it\/wp-json\/wp\/v2\/tipologia_offerta?post=73692"},{"taxonomy":"tipologia_immobile","embeddable":true,"href":"https:\/\/gieffe.elwood.agency\/it\/wp-json\/wp\/v2\/tipologia_immobile?post=73692"}],"curies":[{"name":"wp","href":"https:\/\/api.w.org\/{rel}","templated":true}]}}