{"id":70514,"date":"2024-11-22T03:16:45","date_gmt":"2024-11-22T02:16:45","guid":{"rendered":"https:\/\/gieffe.elwood.agency\/immobile\/appartamento-310-mq-fronte-parco-valentino-tre-camere-da-letto-vista-impareggiabile-frazionabil\/"},"modified":"2024-12-07T06:10:40","modified_gmt":"2024-12-07T05:10:40","slug":"appartamento-310-mq-fronte-parco-valentino","status":"publish","type":"immobile","link":"https:\/\/gieffe.elwood.agency\/it\/immobile\/appartamento-310-mq-fronte-parco-valentino\/","title":{"rendered":"Appartamento 310 mq, fronte parco Valentino."},"content":{"rendered":"<p>Rif: vittorio emanuele II calandra &#8211; Nel quartiere del centro di Torino e pi\u00f9 precisamente in corso Vittorio Emanuele II ad angolo su via fratelli Calandra, al quinto piano di sei totali, in elegante stabile del 1959, ben tenuto nelle parti comuni e dotato di doppi ascensori, \u00e8 sito un signorile e grandissimo appartamento cos\u00ec composto: ingresso da pianerottolo su ampio disimpegno con vestiere, tre o quattro camere da letto, un luminoso salone di circa 100 mq angolare con affaccio sul corso \/ Valentino e sulla via, una cucina abitabile, lavanderia, stireria, e tre servizi di cui due con finestra. La cucina abitabile affaccia su balcone lato corte interna. Ampi disimpegni di passaggio, ottenibili altre camere. Completa la propriet\u00e0 una bella e sana cantina pertinenziale al piano interrato ed un box auto di 16mq nello stesso stabile. L\u2019unit\u00e0 abitativa, si presenta in buone condizioni interne. Internamente la superficie \u00e8 ben distribuita e si presta ad essere ottimamente personalizzata, oltre che frazionata volendo in due unit\u00e0 immobiliari distinte. L\u2019appartamento ha un&#8217;ottima e panoramica esposizione sulla collina torinese e sul parco del Valentino oltre che della prospettiva su corso Massimo d&#8217;Azeglio, godendo di tre arie. I costi per la gestione annua dell&#8217;unit\u00e0 immobiliare sono: per il riscaldamento centralizzato a metano: 2440.00 euro per anno; quelle condominiali sono di 7609,00 \u20ac per anno con servizio portineria. Soluzione abitativa ubicata in quartiere residenziale del centro di Torino, dove sono presenti tutti i servizi di primaria necessit\u00e0. Vista impareggiabile sul verde del parco. Ampia fattibilit\u00e0 e facilit\u00e0 di frazionamento. Categoria catastale A1. Rendita catastale 4927.00 euro. Per informazioni: GIEFFE PATRIMONI Real Estate Advisor, Torino &#8211; Londra. (+39) 011 \/ 76.000.11<\/p>\n","protected":false},"excerpt":{"rendered":"<p>Rif: vittorio emanuele II calandra &#8211; Nel quartiere del centro di Torino e pi\u00f9 precisamente in corso Vittorio Emanuele II ad angolo su via fratelli Calandra, al quinto piano di sei totali, in elegante stabile del 1959, ben tenuto nelle parti comuni e dotato di doppi ascensori, \u00e8 sito un signorile e grandissimo appartamento cos\u00ec [&hellip;]<\/p>\n","protected":false},"featured_media":70515,"template":"","meta":{"_acf_changed":false,"inline_featured_image":false},"categoria_immobile":[85],"tipologia_offerta":[94],"tipologia_immobile":[56],"class_list":["post-70514","immobile","type-immobile","status-publish","has-post-thumbnail","hentry","categoria_immobile-residenziali","tipologia_offerta-vendita","tipologia_immobile-appartamento"],"acf":[],"yoast_head":"<!-- This site is optimized with the Yoast SEO plugin v22.8 - https:\/\/yoast.com\/wordpress\/plugins\/seo\/ -->\n<title>Appartamento 310 mq, fronte parco Valentino. - Gieffe Patrimoni<\/title>\n<meta name=\"robots\" content=\"noindex, follow, max-snippet:-1, max-image-preview:large, max-video-preview:-1\" \/>\n<meta property=\"og:locale\" content=\"it_IT\" \/>\n<meta property=\"og:type\" content=\"article\" \/>\n<meta property=\"og:title\" content=\"Appartamento 310 mq, fronte parco Valentino. - Gieffe Patrimoni\" \/>\n<meta property=\"og:description\" content=\"Rif: vittorio emanuele II calandra &#8211; Nel quartiere del centro di Torino e pi\u00f9 precisamente in corso Vittorio Emanuele II ad angolo su via fratelli Calandra, al quinto piano di sei totali, in elegante stabile del 1959, ben tenuto nelle parti comuni e dotato di doppi ascensori, \u00e8 sito un signorile e grandissimo appartamento cos\u00ec [&hellip;]\" \/>\n<meta property=\"og:url\" content=\"https:\/\/gieffe.elwood.agency\/it\/immobile\/appartamento-310-mq-fronte-parco-valentino\/\" \/>\n<meta property=\"og:site_name\" content=\"Gieffe Patrimoni\" \/>\n<meta property=\"article:modified_time\" content=\"2024-12-07T05:10:40+00:00\" \/>\n<meta property=\"og:image\" content=\"https:\/\/gieffe.elwood.agency\/wp-content\/uploads\/2024\/11\/Appartamento-310-mq-fronte-parco-Valentino.-Tre-camere-da-letto.-Vista-impareggiabile.-Frazionabil.jpg\" \/>\n\t<meta property=\"og:image:width\" content=\"1575\" \/>\n\t<meta property=\"og:image:height\" content=\"1050\" \/>\n\t<meta property=\"og:image:type\" content=\"image\/jpeg\" \/>\n<meta name=\"twitter:card\" content=\"summary_large_image\" \/>\n<meta name=\"twitter:label1\" content=\"Tempo di lettura stimato\" \/>\n\t<meta name=\"twitter:data1\" content=\"1 minuto\" \/>\n<script type=\"application\/ld+json\" class=\"yoast-schema-graph\">{\"@context\":\"https:\/\/schema.org\",\"@graph\":[{\"@type\":\"WebPage\",\"@id\":\"https:\/\/gieffe.elwood.agency\/it\/immobile\/appartamento-310-mq-fronte-parco-valentino\/\",\"url\":\"https:\/\/gieffe.elwood.agency\/it\/immobile\/appartamento-310-mq-fronte-parco-valentino\/\",\"name\":\"Appartamento 310 mq, fronte parco Valentino. - Gieffe Patrimoni\",\"isPartOf\":{\"@id\":\"https:\/\/gieffe.elwood.agency\/it\/#website\"},\"primaryImageOfPage\":{\"@id\":\"https:\/\/gieffe.elwood.agency\/it\/immobile\/appartamento-310-mq-fronte-parco-valentino\/#primaryimage\"},\"image\":{\"@id\":\"https:\/\/gieffe.elwood.agency\/it\/immobile\/appartamento-310-mq-fronte-parco-valentino\/#primaryimage\"},\"thumbnailUrl\":\"https:\/\/gieffe.elwood.agency\/wp-content\/uploads\/2024\/11\/Appartamento-310-mq-fronte-parco-Valentino.-Tre-camere-da-letto.-Vista-impareggiabile.-Frazionabil.jpg\",\"datePublished\":\"2024-11-22T02:16:45+00:00\",\"dateModified\":\"2024-12-07T05:10:40+00:00\",\"breadcrumb\":{\"@id\":\"https:\/\/gieffe.elwood.agency\/it\/immobile\/appartamento-310-mq-fronte-parco-valentino\/#breadcrumb\"},\"inLanguage\":\"it-IT\",\"potentialAction\":[{\"@type\":\"ReadAction\",\"target\":[\"https:\/\/gieffe.elwood.agency\/it\/immobile\/appartamento-310-mq-fronte-parco-valentino\/\"]}]},{\"@type\":\"ImageObject\",\"inLanguage\":\"it-IT\",\"@id\":\"https:\/\/gieffe.elwood.agency\/it\/immobile\/appartamento-310-mq-fronte-parco-valentino\/#primaryimage\",\"url\":\"https:\/\/gieffe.elwood.agency\/wp-content\/uploads\/2024\/11\/Appartamento-310-mq-fronte-parco-Valentino.-Tre-camere-da-letto.-Vista-impareggiabile.-Frazionabil.jpg\",\"contentUrl\":\"https:\/\/gieffe.elwood.agency\/wp-content\/uploads\/2024\/11\/Appartamento-310-mq-fronte-parco-Valentino.-Tre-camere-da-letto.-Vista-impareggiabile.-Frazionabil.jpg\",\"width\":1575,\"height\":1050,\"caption\":\"Appartamento 310 mq\"},{\"@type\":\"BreadcrumbList\",\"@id\":\"https:\/\/gieffe.elwood.agency\/it\/immobile\/appartamento-310-mq-fronte-parco-valentino\/#breadcrumb\",\"itemListElement\":[{\"@type\":\"ListItem\",\"position\":1,\"name\":\"Gieffe Patrimoni\",\"item\":\"https:\/\/gieffe.elwood.agency\/it\/\"},{\"@type\":\"ListItem\",\"position\":2,\"name\":\"Immobili\",\"item\":\"https:\/\/gieffe.elwood.agency\/it\/immobile\/\"},{\"@type\":\"ListItem\",\"position\":3,\"name\":\"Residenziali\",\"item\":\"https:\/\/gieffe.elwood.agency\/it\/categoria_immobile\/residenziali\/\"},{\"@type\":\"ListItem\",\"position\":4,\"name\":\"Appartamento 310 mq, fronte parco Valentino.\"}]},{\"@type\":\"WebSite\",\"@id\":\"https:\/\/gieffe.elwood.agency\/it\/#website\",\"url\":\"https:\/\/gieffe.elwood.agency\/it\/\",\"name\":\"Gieffe Patrimoni\",\"description\":\"\",\"publisher\":{\"@id\":\"https:\/\/gieffe.elwood.agency\/it\/#organization\"},\"potentialAction\":[{\"@type\":\"SearchAction\",\"target\":{\"@type\":\"EntryPoint\",\"urlTemplate\":\"https:\/\/gieffe.elwood.agency\/it\/?s={search_term_string}\"},\"query-input\":\"required name=search_term_string\"}],\"inLanguage\":\"it-IT\"},{\"@type\":\"Organization\",\"@id\":\"https:\/\/gieffe.elwood.agency\/it\/#organization\",\"name\":\"Gieffe Patrimoni\",\"url\":\"https:\/\/gieffe.elwood.agency\/it\/\",\"logo\":{\"@type\":\"ImageObject\",\"inLanguage\":\"it-IT\",\"@id\":\"https:\/\/gieffe.elwood.agency\/it\/#\/schema\/logo\/image\/\",\"url\":\"https:\/\/gieffe.elwood.agency\/wp-content\/uploads\/2024\/04\/logo-1.svg\",\"contentUrl\":\"https:\/\/gieffe.elwood.agency\/wp-content\/uploads\/2024\/04\/logo-1.svg\",\"width\":344,\"height\":78,\"caption\":\"Gieffe Patrimoni\"},\"image\":{\"@id\":\"https:\/\/gieffe.elwood.agency\/it\/#\/schema\/logo\/image\/\"}}]}<\/script>\n<!-- \/ Yoast SEO plugin. -->","yoast_head_json":{"title":"Appartamento 310 mq, fronte parco Valentino. - Gieffe Patrimoni","robots":{"index":"noindex","follow":"follow","max-snippet":"max-snippet:-1","max-image-preview":"max-image-preview:large","max-video-preview":"max-video-preview:-1"},"og_locale":"it_IT","og_type":"article","og_title":"Appartamento 310 mq, fronte parco Valentino. - Gieffe Patrimoni","og_description":"Rif: vittorio emanuele II calandra &#8211; Nel quartiere del centro di Torino e pi\u00f9 precisamente in corso Vittorio Emanuele II ad angolo su via fratelli Calandra, al quinto piano di sei totali, in elegante stabile del 1959, ben tenuto nelle parti comuni e dotato di doppi ascensori, \u00e8 sito un signorile e grandissimo appartamento cos\u00ec [&hellip;]","og_url":"https:\/\/gieffe.elwood.agency\/it\/immobile\/appartamento-310-mq-fronte-parco-valentino\/","og_site_name":"Gieffe Patrimoni","article_modified_time":"2024-12-07T05:10:40+00:00","og_image":[{"width":1575,"height":1050,"url":"https:\/\/gieffe.elwood.agency\/wp-content\/uploads\/2024\/11\/Appartamento-310-mq-fronte-parco-Valentino.-Tre-camere-da-letto.-Vista-impareggiabile.-Frazionabil.jpg","type":"image\/jpeg"}],"twitter_card":"summary_large_image","twitter_misc":{"Tempo di lettura stimato":"1 minuto"},"schema":{"@context":"https:\/\/schema.org","@graph":[{"@type":"WebPage","@id":"https:\/\/gieffe.elwood.agency\/it\/immobile\/appartamento-310-mq-fronte-parco-valentino\/","url":"https:\/\/gieffe.elwood.agency\/it\/immobile\/appartamento-310-mq-fronte-parco-valentino\/","name":"Appartamento 310 mq, fronte parco Valentino. - Gieffe Patrimoni","isPartOf":{"@id":"https:\/\/gieffe.elwood.agency\/it\/#website"},"primaryImageOfPage":{"@id":"https:\/\/gieffe.elwood.agency\/it\/immobile\/appartamento-310-mq-fronte-parco-valentino\/#primaryimage"},"image":{"@id":"https:\/\/gieffe.elwood.agency\/it\/immobile\/appartamento-310-mq-fronte-parco-valentino\/#primaryimage"},"thumbnailUrl":"https:\/\/gieffe.elwood.agency\/wp-content\/uploads\/2024\/11\/Appartamento-310-mq-fronte-parco-Valentino.-Tre-camere-da-letto.-Vista-impareggiabile.-Frazionabil.jpg","datePublished":"2024-11-22T02:16:45+00:00","dateModified":"2024-12-07T05:10:40+00:00","breadcrumb":{"@id":"https:\/\/gieffe.elwood.agency\/it\/immobile\/appartamento-310-mq-fronte-parco-valentino\/#breadcrumb"},"inLanguage":"it-IT","potentialAction":[{"@type":"ReadAction","target":["https:\/\/gieffe.elwood.agency\/it\/immobile\/appartamento-310-mq-fronte-parco-valentino\/"]}]},{"@type":"ImageObject","inLanguage":"it-IT","@id":"https:\/\/gieffe.elwood.agency\/it\/immobile\/appartamento-310-mq-fronte-parco-valentino\/#primaryimage","url":"https:\/\/gieffe.elwood.agency\/wp-content\/uploads\/2024\/11\/Appartamento-310-mq-fronte-parco-Valentino.-Tre-camere-da-letto.-Vista-impareggiabile.-Frazionabil.jpg","contentUrl":"https:\/\/gieffe.elwood.agency\/wp-content\/uploads\/2024\/11\/Appartamento-310-mq-fronte-parco-Valentino.-Tre-camere-da-letto.-Vista-impareggiabile.-Frazionabil.jpg","width":1575,"height":1050,"caption":"Appartamento 310 mq"},{"@type":"BreadcrumbList","@id":"https:\/\/gieffe.elwood.agency\/it\/immobile\/appartamento-310-mq-fronte-parco-valentino\/#breadcrumb","itemListElement":[{"@type":"ListItem","position":1,"name":"Gieffe Patrimoni","item":"https:\/\/gieffe.elwood.agency\/it\/"},{"@type":"ListItem","position":2,"name":"Immobili","item":"https:\/\/gieffe.elwood.agency\/it\/immobile\/"},{"@type":"ListItem","position":3,"name":"Residenziali","item":"https:\/\/gieffe.elwood.agency\/it\/categoria_immobile\/residenziali\/"},{"@type":"ListItem","position":4,"name":"Appartamento 310 mq, fronte parco Valentino."}]},{"@type":"WebSite","@id":"https:\/\/gieffe.elwood.agency\/it\/#website","url":"https:\/\/gieffe.elwood.agency\/it\/","name":"Gieffe Patrimoni","description":"","publisher":{"@id":"https:\/\/gieffe.elwood.agency\/it\/#organization"},"potentialAction":[{"@type":"SearchAction","target":{"@type":"EntryPoint","urlTemplate":"https:\/\/gieffe.elwood.agency\/it\/?s={search_term_string}"},"query-input":"required name=search_term_string"}],"inLanguage":"it-IT"},{"@type":"Organization","@id":"https:\/\/gieffe.elwood.agency\/it\/#organization","name":"Gieffe Patrimoni","url":"https:\/\/gieffe.elwood.agency\/it\/","logo":{"@type":"ImageObject","inLanguage":"it-IT","@id":"https:\/\/gieffe.elwood.agency\/it\/#\/schema\/logo\/image\/","url":"https:\/\/gieffe.elwood.agency\/wp-content\/uploads\/2024\/04\/logo-1.svg","contentUrl":"https:\/\/gieffe.elwood.agency\/wp-content\/uploads\/2024\/04\/logo-1.svg","width":344,"height":78,"caption":"Gieffe Patrimoni"},"image":{"@id":"https:\/\/gieffe.elwood.agency\/it\/#\/schema\/logo\/image\/"}}]}},"_links":{"self":[{"href":"https:\/\/gieffe.elwood.agency\/it\/wp-json\/wp\/v2\/immobile\/70514","targetHints":{"allow":["GET"]}}],"collection":[{"href":"https:\/\/gieffe.elwood.agency\/it\/wp-json\/wp\/v2\/immobile"}],"about":[{"href":"https:\/\/gieffe.elwood.agency\/it\/wp-json\/wp\/v2\/types\/immobile"}],"wp:featuredmedia":[{"embeddable":true,"href":"https:\/\/gieffe.elwood.agency\/it\/wp-json\/wp\/v2\/media\/70515"}],"wp:attachment":[{"href":"https:\/\/gieffe.elwood.agency\/it\/wp-json\/wp\/v2\/media?parent=70514"}],"wp:term":[{"taxonomy":"categoria_immobile","embeddable":true,"href":"https:\/\/gieffe.elwood.agency\/it\/wp-json\/wp\/v2\/categoria_immobile?post=70514"},{"taxonomy":"tipologia_offerta","embeddable":true,"href":"https:\/\/gieffe.elwood.agency\/it\/wp-json\/wp\/v2\/tipologia_offerta?post=70514"},{"taxonomy":"tipologia_immobile","embeddable":true,"href":"https:\/\/gieffe.elwood.agency\/it\/wp-json\/wp\/v2\/tipologia_immobile?post=70514"}],"curies":[{"name":"wp","href":"https:\/\/api.w.org\/{rel}","templated":true}]}}