{"id":70230,"date":"2024-11-20T15:49:12","date_gmt":"2024-11-20T14:49:12","guid":{"rendered":"https:\/\/gieffe.elwood.agency\/immobile\/attico-in-precollina-terrazzo-ristrutturato-box-auto\/"},"modified":"2024-12-07T06:08:53","modified_gmt":"2024-12-07T05:08:53","slug":"attico-in-precollina-terrazzo-ristrutturato-box-auto","status":"publish","type":"immobile","link":"https:\/\/gieffe.elwood.agency\/it\/immobile\/attico-in-precollina-terrazzo-ristrutturato-box-auto\/","title":{"rendered":"Attico in precollina. Terrazzo. Ristrutturato. Box auto."},"content":{"rendered":"<p>Rif: san fermo &#8211; Torino in zona Crimea, prima collina. Appartamento di pregio a pochi passi dal Parco del Valentino e dal centro cittadino. L&#8217;appartamento \u00e8 parte di uno stabile prestigioso ed \u00e8 dotato di due arie una su corte interna con ampio balcone e una sul lungo-fiume; terrazzo di circa 40 mq che offre una vista impareggiabile. Frutto di un ambizioso progetto, completamente ristrutturato in ogni impianto e servizio \u00e8 dotato di ogni comfort oltre che di sistemi di sicurezza antifurto volumetrico e perimetrale. Barriere infrarossi sul terrazzo al quarto piano. Gli spazi sono distribuiti in modo assolutamente razionale; al terzo piano con ingresso diretto su zona giorno con doppio salone vetrato, zona pranzo, biblioteca\/zona televisione. La cucina a vista su seconda zona pranzo con accesso al locale lavanderia e ripostiglio, disimpegno, servizio, con accesso indipendente da secondo ingresso di servizio. Nella zona notte vi sono due camere da letto di cui una suite matrimoniale con cabina armadi e servizio interno. L&#8217;appartamento si sviluppa su due livelli collegati internamente da una scala in marmo ed acciaio. Possibilit\u00e0 di portare al quarto piano l&#8217;ascensore con accesso diretto all&#8217;appartamento. Il quarto piano \u00e8 distribuito in due camere di cui una completamente vetrata, dove tutt&#8217;ora vi \u00e8 lo studio di rappresentanza, una seconda camera da letto e un ampio servizio e vasca idromassaggio. Completa il piano lo splendido terrazzo di circa 40 mq. E&#8217; presente una cantina di notevoli dimensioni. Impianto di condizionamento e raffrescamento dell&#8217;aria, (caldo\/freddo). Riscaldamento centralizzato a metano con termovalvole gi\u00e0 installate. Le spese ordinarie riferite al consuntivo della stagione passata ammontano ad 8.500,00 calcolate su base annua, con servizio portineria, varie condominiali e ascensore. La ristrutturazione di altissimo livello con utilizzo di materiali sofisticati e di impatto, il posizionamento nel cuore del centro di Torino e la distribuzione degli spazi in questo immobile conferiscono un prestigio e un carattere non consueto nel panorama immobiliare della citt\u00e0. La categoria catastale dell&#8217;immobile \u00e8 A\/1. Inoltre \u00e8 disponibile un box auto ed un posto auto. Per informazioni: GIEFFE PATRIMONI Real Estate Advisor, Torino \u2013 Londra \u2013 Alba \u2013 Milano \u2013 Roma. (+39) 011 \/ 76.000.11<\/p>\n","protected":false},"excerpt":{"rendered":"<p>Rif: san fermo &#8211; Torino in zona Crimea, prima collina. Appartamento di pregio a pochi passi dal Parco del Valentino e dal centro cittadino. L&#8217;appartamento \u00e8 parte di uno stabile prestigioso ed \u00e8 dotato di due arie una su corte interna con ampio balcone e una sul lungo-fiume; terrazzo di circa 40 mq che offre [&hellip;]<\/p>\n","protected":false},"featured_media":70231,"template":"","meta":{"_acf_changed":false,"inline_featured_image":false},"categoria_immobile":[85],"tipologia_offerta":[94],"tipologia_immobile":[57],"class_list":["post-70230","immobile","type-immobile","status-publish","has-post-thumbnail","hentry","categoria_immobile-residenziali","tipologia_offerta-vendita","tipologia_immobile-attico"],"acf":[],"yoast_head":"<!-- This site is optimized with the Yoast SEO plugin v22.8 - https:\/\/yoast.com\/wordpress\/plugins\/seo\/ -->\n<title>Attico in precollina. Terrazzo. Ristrutturato. Box auto. - Gieffe Patrimoni<\/title>\n<meta name=\"robots\" content=\"noindex, follow, max-snippet:-1, max-image-preview:large, max-video-preview:-1\" \/>\n<meta property=\"og:locale\" content=\"it_IT\" \/>\n<meta property=\"og:type\" content=\"article\" \/>\n<meta property=\"og:title\" content=\"Attico in precollina. Terrazzo. Ristrutturato. Box auto. - Gieffe Patrimoni\" \/>\n<meta property=\"og:description\" content=\"Rif: san fermo &#8211; Torino in zona Crimea, prima collina. Appartamento di pregio a pochi passi dal Parco del Valentino e dal centro cittadino. L&#8217;appartamento \u00e8 parte di uno stabile prestigioso ed \u00e8 dotato di due arie una su corte interna con ampio balcone e una sul lungo-fiume; terrazzo di circa 40 mq che offre [&hellip;]\" \/>\n<meta property=\"og:url\" content=\"https:\/\/gieffe.elwood.agency\/it\/immobile\/attico-in-precollina-terrazzo-ristrutturato-box-auto\/\" \/>\n<meta property=\"og:site_name\" content=\"Gieffe Patrimoni\" \/>\n<meta property=\"article:modified_time\" content=\"2024-12-07T05:08:53+00:00\" \/>\n<meta property=\"og:image\" content=\"https:\/\/gieffe.elwood.agency\/wp-content\/uploads\/2024\/11\/Attico-in-precollina.-Terrazzo.-Ristrutturato.-Box-auto.jpg\" \/>\n\t<meta property=\"og:image:width\" content=\"1143\" \/>\n\t<meta property=\"og:image:height\" content=\"1050\" \/>\n\t<meta property=\"og:image:type\" content=\"image\/jpeg\" \/>\n<meta name=\"twitter:card\" content=\"summary_large_image\" \/>\n<meta name=\"twitter:label1\" content=\"Tempo di lettura stimato\" \/>\n\t<meta name=\"twitter:data1\" content=\"2 minuti\" \/>\n<script type=\"application\/ld+json\" class=\"yoast-schema-graph\">{\"@context\":\"https:\/\/schema.org\",\"@graph\":[{\"@type\":\"WebPage\",\"@id\":\"https:\/\/gieffe.elwood.agency\/it\/immobile\/attico-in-precollina-terrazzo-ristrutturato-box-auto\/\",\"url\":\"https:\/\/gieffe.elwood.agency\/it\/immobile\/attico-in-precollina-terrazzo-ristrutturato-box-auto\/\",\"name\":\"Attico in precollina. Terrazzo. Ristrutturato. Box auto. - Gieffe Patrimoni\",\"isPartOf\":{\"@id\":\"https:\/\/gieffe.elwood.agency\/it\/#website\"},\"primaryImageOfPage\":{\"@id\":\"https:\/\/gieffe.elwood.agency\/it\/immobile\/attico-in-precollina-terrazzo-ristrutturato-box-auto\/#primaryimage\"},\"image\":{\"@id\":\"https:\/\/gieffe.elwood.agency\/it\/immobile\/attico-in-precollina-terrazzo-ristrutturato-box-auto\/#primaryimage\"},\"thumbnailUrl\":\"https:\/\/gieffe.elwood.agency\/wp-content\/uploads\/2024\/11\/Attico-in-precollina.-Terrazzo.-Ristrutturato.-Box-auto.jpg\",\"datePublished\":\"2024-11-20T14:49:12+00:00\",\"dateModified\":\"2024-12-07T05:08:53+00:00\",\"breadcrumb\":{\"@id\":\"https:\/\/gieffe.elwood.agency\/it\/immobile\/attico-in-precollina-terrazzo-ristrutturato-box-auto\/#breadcrumb\"},\"inLanguage\":\"it-IT\",\"potentialAction\":[{\"@type\":\"ReadAction\",\"target\":[\"https:\/\/gieffe.elwood.agency\/it\/immobile\/attico-in-precollina-terrazzo-ristrutturato-box-auto\/\"]}]},{\"@type\":\"ImageObject\",\"inLanguage\":\"it-IT\",\"@id\":\"https:\/\/gieffe.elwood.agency\/it\/immobile\/attico-in-precollina-terrazzo-ristrutturato-box-auto\/#primaryimage\",\"url\":\"https:\/\/gieffe.elwood.agency\/wp-content\/uploads\/2024\/11\/Attico-in-precollina.-Terrazzo.-Ristrutturato.-Box-auto.jpg\",\"contentUrl\":\"https:\/\/gieffe.elwood.agency\/wp-content\/uploads\/2024\/11\/Attico-in-precollina.-Terrazzo.-Ristrutturato.-Box-auto.jpg\",\"width\":1143,\"height\":1050,\"caption\":\"Attico in precollina. Terrazzo. Ristrutturato. Box auto.\"},{\"@type\":\"BreadcrumbList\",\"@id\":\"https:\/\/gieffe.elwood.agency\/it\/immobile\/attico-in-precollina-terrazzo-ristrutturato-box-auto\/#breadcrumb\",\"itemListElement\":[{\"@type\":\"ListItem\",\"position\":1,\"name\":\"Gieffe Patrimoni\",\"item\":\"https:\/\/gieffe.elwood.agency\/it\/\"},{\"@type\":\"ListItem\",\"position\":2,\"name\":\"Immobili\",\"item\":\"https:\/\/gieffe.elwood.agency\/it\/immobile\/\"},{\"@type\":\"ListItem\",\"position\":3,\"name\":\"Residenziali\",\"item\":\"https:\/\/gieffe.elwood.agency\/it\/categoria_immobile\/residenziali\/\"},{\"@type\":\"ListItem\",\"position\":4,\"name\":\"Attico in precollina. Terrazzo. Ristrutturato. Box auto.\"}]},{\"@type\":\"WebSite\",\"@id\":\"https:\/\/gieffe.elwood.agency\/it\/#website\",\"url\":\"https:\/\/gieffe.elwood.agency\/it\/\",\"name\":\"Gieffe Patrimoni\",\"description\":\"\",\"publisher\":{\"@id\":\"https:\/\/gieffe.elwood.agency\/it\/#organization\"},\"potentialAction\":[{\"@type\":\"SearchAction\",\"target\":{\"@type\":\"EntryPoint\",\"urlTemplate\":\"https:\/\/gieffe.elwood.agency\/it\/?s={search_term_string}\"},\"query-input\":\"required name=search_term_string\"}],\"inLanguage\":\"it-IT\"},{\"@type\":\"Organization\",\"@id\":\"https:\/\/gieffe.elwood.agency\/it\/#organization\",\"name\":\"Gieffe Patrimoni\",\"url\":\"https:\/\/gieffe.elwood.agency\/it\/\",\"logo\":{\"@type\":\"ImageObject\",\"inLanguage\":\"it-IT\",\"@id\":\"https:\/\/gieffe.elwood.agency\/it\/#\/schema\/logo\/image\/\",\"url\":\"https:\/\/gieffe.elwood.agency\/wp-content\/uploads\/2024\/04\/logo-1.svg\",\"contentUrl\":\"https:\/\/gieffe.elwood.agency\/wp-content\/uploads\/2024\/04\/logo-1.svg\",\"width\":344,\"height\":78,\"caption\":\"Gieffe Patrimoni\"},\"image\":{\"@id\":\"https:\/\/gieffe.elwood.agency\/it\/#\/schema\/logo\/image\/\"}}]}<\/script>\n<!-- \/ Yoast SEO plugin. -->","yoast_head_json":{"title":"Attico in precollina. Terrazzo. Ristrutturato. Box auto. - Gieffe Patrimoni","robots":{"index":"noindex","follow":"follow","max-snippet":"max-snippet:-1","max-image-preview":"max-image-preview:large","max-video-preview":"max-video-preview:-1"},"og_locale":"it_IT","og_type":"article","og_title":"Attico in precollina. Terrazzo. Ristrutturato. Box auto. - Gieffe Patrimoni","og_description":"Rif: san fermo &#8211; Torino in zona Crimea, prima collina. Appartamento di pregio a pochi passi dal Parco del Valentino e dal centro cittadino. L&#8217;appartamento \u00e8 parte di uno stabile prestigioso ed \u00e8 dotato di due arie una su corte interna con ampio balcone e una sul lungo-fiume; terrazzo di circa 40 mq che offre [&hellip;]","og_url":"https:\/\/gieffe.elwood.agency\/it\/immobile\/attico-in-precollina-terrazzo-ristrutturato-box-auto\/","og_site_name":"Gieffe Patrimoni","article_modified_time":"2024-12-07T05:08:53+00:00","og_image":[{"width":1143,"height":1050,"url":"https:\/\/gieffe.elwood.agency\/wp-content\/uploads\/2024\/11\/Attico-in-precollina.-Terrazzo.-Ristrutturato.-Box-auto.jpg","type":"image\/jpeg"}],"twitter_card":"summary_large_image","twitter_misc":{"Tempo di lettura stimato":"2 minuti"},"schema":{"@context":"https:\/\/schema.org","@graph":[{"@type":"WebPage","@id":"https:\/\/gieffe.elwood.agency\/it\/immobile\/attico-in-precollina-terrazzo-ristrutturato-box-auto\/","url":"https:\/\/gieffe.elwood.agency\/it\/immobile\/attico-in-precollina-terrazzo-ristrutturato-box-auto\/","name":"Attico in precollina. Terrazzo. Ristrutturato. Box auto. - Gieffe Patrimoni","isPartOf":{"@id":"https:\/\/gieffe.elwood.agency\/it\/#website"},"primaryImageOfPage":{"@id":"https:\/\/gieffe.elwood.agency\/it\/immobile\/attico-in-precollina-terrazzo-ristrutturato-box-auto\/#primaryimage"},"image":{"@id":"https:\/\/gieffe.elwood.agency\/it\/immobile\/attico-in-precollina-terrazzo-ristrutturato-box-auto\/#primaryimage"},"thumbnailUrl":"https:\/\/gieffe.elwood.agency\/wp-content\/uploads\/2024\/11\/Attico-in-precollina.-Terrazzo.-Ristrutturato.-Box-auto.jpg","datePublished":"2024-11-20T14:49:12+00:00","dateModified":"2024-12-07T05:08:53+00:00","breadcrumb":{"@id":"https:\/\/gieffe.elwood.agency\/it\/immobile\/attico-in-precollina-terrazzo-ristrutturato-box-auto\/#breadcrumb"},"inLanguage":"it-IT","potentialAction":[{"@type":"ReadAction","target":["https:\/\/gieffe.elwood.agency\/it\/immobile\/attico-in-precollina-terrazzo-ristrutturato-box-auto\/"]}]},{"@type":"ImageObject","inLanguage":"it-IT","@id":"https:\/\/gieffe.elwood.agency\/it\/immobile\/attico-in-precollina-terrazzo-ristrutturato-box-auto\/#primaryimage","url":"https:\/\/gieffe.elwood.agency\/wp-content\/uploads\/2024\/11\/Attico-in-precollina.-Terrazzo.-Ristrutturato.-Box-auto.jpg","contentUrl":"https:\/\/gieffe.elwood.agency\/wp-content\/uploads\/2024\/11\/Attico-in-precollina.-Terrazzo.-Ristrutturato.-Box-auto.jpg","width":1143,"height":1050,"caption":"Attico in precollina. Terrazzo. Ristrutturato. Box auto."},{"@type":"BreadcrumbList","@id":"https:\/\/gieffe.elwood.agency\/it\/immobile\/attico-in-precollina-terrazzo-ristrutturato-box-auto\/#breadcrumb","itemListElement":[{"@type":"ListItem","position":1,"name":"Gieffe Patrimoni","item":"https:\/\/gieffe.elwood.agency\/it\/"},{"@type":"ListItem","position":2,"name":"Immobili","item":"https:\/\/gieffe.elwood.agency\/it\/immobile\/"},{"@type":"ListItem","position":3,"name":"Residenziali","item":"https:\/\/gieffe.elwood.agency\/it\/categoria_immobile\/residenziali\/"},{"@type":"ListItem","position":4,"name":"Attico in precollina. Terrazzo. Ristrutturato. Box auto."}]},{"@type":"WebSite","@id":"https:\/\/gieffe.elwood.agency\/it\/#website","url":"https:\/\/gieffe.elwood.agency\/it\/","name":"Gieffe Patrimoni","description":"","publisher":{"@id":"https:\/\/gieffe.elwood.agency\/it\/#organization"},"potentialAction":[{"@type":"SearchAction","target":{"@type":"EntryPoint","urlTemplate":"https:\/\/gieffe.elwood.agency\/it\/?s={search_term_string}"},"query-input":"required name=search_term_string"}],"inLanguage":"it-IT"},{"@type":"Organization","@id":"https:\/\/gieffe.elwood.agency\/it\/#organization","name":"Gieffe Patrimoni","url":"https:\/\/gieffe.elwood.agency\/it\/","logo":{"@type":"ImageObject","inLanguage":"it-IT","@id":"https:\/\/gieffe.elwood.agency\/it\/#\/schema\/logo\/image\/","url":"https:\/\/gieffe.elwood.agency\/wp-content\/uploads\/2024\/04\/logo-1.svg","contentUrl":"https:\/\/gieffe.elwood.agency\/wp-content\/uploads\/2024\/04\/logo-1.svg","width":344,"height":78,"caption":"Gieffe Patrimoni"},"image":{"@id":"https:\/\/gieffe.elwood.agency\/it\/#\/schema\/logo\/image\/"}}]}},"_links":{"self":[{"href":"https:\/\/gieffe.elwood.agency\/it\/wp-json\/wp\/v2\/immobile\/70230","targetHints":{"allow":["GET"]}}],"collection":[{"href":"https:\/\/gieffe.elwood.agency\/it\/wp-json\/wp\/v2\/immobile"}],"about":[{"href":"https:\/\/gieffe.elwood.agency\/it\/wp-json\/wp\/v2\/types\/immobile"}],"wp:featuredmedia":[{"embeddable":true,"href":"https:\/\/gieffe.elwood.agency\/it\/wp-json\/wp\/v2\/media\/70231"}],"wp:attachment":[{"href":"https:\/\/gieffe.elwood.agency\/it\/wp-json\/wp\/v2\/media?parent=70230"}],"wp:term":[{"taxonomy":"categoria_immobile","embeddable":true,"href":"https:\/\/gieffe.elwood.agency\/it\/wp-json\/wp\/v2\/categoria_immobile?post=70230"},{"taxonomy":"tipologia_offerta","embeddable":true,"href":"https:\/\/gieffe.elwood.agency\/it\/wp-json\/wp\/v2\/tipologia_offerta?post=70230"},{"taxonomy":"tipologia_immobile","embeddable":true,"href":"https:\/\/gieffe.elwood.agency\/it\/wp-json\/wp\/v2\/tipologia_immobile?post=70230"}],"curies":[{"name":"wp","href":"https:\/\/api.w.org\/{rel}","templated":true}]}}