{"id":65174,"date":"2024-10-18T20:16:57","date_gmt":"2024-10-18T18:16:57","guid":{"rendered":"https:\/\/gieffe.elwood.agency\/immobile\/locale-commerciale-140-mq-sei-vetrineangolare-v-vecellio-2\/"},"modified":"2024-12-07T06:54:02","modified_gmt":"2024-12-07T05:54:02","slug":"locale-commerciale-140-mq-sei-vetrineangolare-v-vecellio-2","status":"publish","type":"immobile","link":"https:\/\/gieffe.elwood.agency\/it\/immobile\/locale-commerciale-140-mq-sei-vetrineangolare-v-vecellio-2\/","title":{"rendered":"Locale commerciale 140 mq. Sei vetrine,angolare. V.Vecellio."},"content":{"rendered":"<p>A pochi passi da Corso Massimo d&#8217;Azeglio e da via Madama Cristina, in Via Tiziano Vecellio 40 in un contesto moderno angolare con Via Foa&#8217; il locale commerciale C1 \u00e8 sito nei pressi del Liceo Aflieri ed \u00e8 oggi libero. L&#8217;immobile, che si sviluppa su una superficie di oltre 140 mq, \u00e8 caratterizzato da sei vetrine (con serrande elettriche ) angolari sulle vie. Internamente \u00e8 disposto su due livelli collegati da scala retrattile che permette l&#8217;utilizzo di un sopplaco magazzino interno. Composto da ingresso su via, ed ingresso personale sotto portico, doppi servizi interni, locale deposito e magazzino soppalco pi\u00f9 locale ripostiglio. Tre grandi ambienti completamente vetrinati affacciano su via Vecellio e via Foa&#8217;. L&#8217;altezza del piano terra \u00e8 di circa 4 mt. Internamente in stato originario e libero da attivit\u00e0. Il riscaldamento \u00e8 centralizzato a metano. L&#8217;illuminazione \u00e8 diffusa in modi diversi nei vari ambienti, sia con faretti, sia con punti luce vari. Le spese di condominio, da ultimo consuntivo, sono di circa 1.500,00 euro per anno. Il locale non \u00e8 dotato di canna fumaria e non adatto a ristorazione. Cantina\/ulteriore magazzino al piano interrato di 60 mq. Locale libero da subito con carico e scarico in corte interna. Possibile trasformazione in abitativo con cambio di destinazione d&#8217;uso. Possibile locare l&#8217;immobile con una richiesta di euro 1600 euro + iva + spese. Vendita da societ\u00e0 SRL. Per informazioni: GIEFFE PATRIMONI Real Estate Advisor, Torino \u2013 Londra \u2013 Alba \u2013 Milano \u2013 Roma. (+39) 011 \/ 76.000.11<\/p>\n","protected":false},"excerpt":{"rendered":"<p>A pochi passi da Corso Massimo d&#8217;Azeglio e da via Madama Cristina, in Via Tiziano Vecellio 40 in un contesto moderno angolare con Via Foa&#8217; il locale commerciale C1 \u00e8 sito nei pressi del Liceo Aflieri ed \u00e8 oggi libero. L&#8217;immobile, che si sviluppa su una superficie di oltre 140 mq, \u00e8 caratterizzato da sei [&hellip;]<\/p>\n","protected":false},"featured_media":65175,"template":"","meta":{"_acf_changed":false,"inline_featured_image":false},"categoria_immobile":[86],"tipologia_offerta":[96],"tipologia_immobile":[59],"class_list":["post-65174","immobile","type-immobile","status-publish","has-post-thumbnail","hentry","categoria_immobile-commerciali","tipologia_offerta-affitto","tipologia_immobile-negozio"],"acf":[],"yoast_head":"<!-- This site is optimized with the Yoast SEO plugin v22.8 - https:\/\/yoast.com\/wordpress\/plugins\/seo\/ -->\n<title>Locale commerciale 140 mq. Sei vetrine,angolare. V.Vecellio. - Gieffe Patrimoni<\/title>\n<meta name=\"robots\" content=\"noindex, follow, max-snippet:-1, max-image-preview:large, max-video-preview:-1\" \/>\n<meta property=\"og:locale\" content=\"it_IT\" \/>\n<meta property=\"og:type\" content=\"article\" \/>\n<meta property=\"og:title\" content=\"Locale commerciale 140 mq. Sei vetrine,angolare. V.Vecellio. - Gieffe Patrimoni\" \/>\n<meta property=\"og:description\" content=\"A pochi passi da Corso Massimo d&#8217;Azeglio e da via Madama Cristina, in Via Tiziano Vecellio 40 in un contesto moderno angolare con Via Foa&#8217; il locale commerciale C1 \u00e8 sito nei pressi del Liceo Aflieri ed \u00e8 oggi libero. L&#8217;immobile, che si sviluppa su una superficie di oltre 140 mq, \u00e8 caratterizzato da sei [&hellip;]\" \/>\n<meta property=\"og:url\" content=\"https:\/\/gieffe.elwood.agency\/it\/immobile\/locale-commerciale-140-mq-sei-vetrineangolare-v-vecellio-2\/\" \/>\n<meta property=\"og:site_name\" content=\"Gieffe Patrimoni\" \/>\n<meta property=\"article:modified_time\" content=\"2024-12-07T05:54:02+00:00\" \/>\n<meta property=\"og:image\" content=\"https:\/\/gieffe.elwood.agency\/wp-content\/uploads\/2024\/10\/Locale-commerciale-140-mq.-Sei-vetrineangolare.-V.Vecellio-42.jpg\" \/>\n\t<meta property=\"og:image:width\" content=\"1400\" \/>\n\t<meta property=\"og:image:height\" content=\"1050\" \/>\n\t<meta property=\"og:image:type\" content=\"image\/jpeg\" \/>\n<meta name=\"twitter:card\" content=\"summary_large_image\" \/>\n<meta name=\"twitter:label1\" content=\"Tempo di lettura stimato\" \/>\n\t<meta name=\"twitter:data1\" content=\"1 minuto\" \/>\n<script type=\"application\/ld+json\" class=\"yoast-schema-graph\">{\"@context\":\"https:\/\/schema.org\",\"@graph\":[{\"@type\":\"WebPage\",\"@id\":\"https:\/\/gieffe.elwood.agency\/it\/immobile\/locale-commerciale-140-mq-sei-vetrineangolare-v-vecellio-2\/\",\"url\":\"https:\/\/gieffe.elwood.agency\/it\/immobile\/locale-commerciale-140-mq-sei-vetrineangolare-v-vecellio-2\/\",\"name\":\"Locale commerciale 140 mq. Sei vetrine,angolare. V.Vecellio. - Gieffe Patrimoni\",\"isPartOf\":{\"@id\":\"https:\/\/gieffe.elwood.agency\/it\/#website\"},\"primaryImageOfPage\":{\"@id\":\"https:\/\/gieffe.elwood.agency\/it\/immobile\/locale-commerciale-140-mq-sei-vetrineangolare-v-vecellio-2\/#primaryimage\"},\"image\":{\"@id\":\"https:\/\/gieffe.elwood.agency\/it\/immobile\/locale-commerciale-140-mq-sei-vetrineangolare-v-vecellio-2\/#primaryimage\"},\"thumbnailUrl\":\"https:\/\/gieffe.elwood.agency\/wp-content\/uploads\/2024\/10\/Locale-commerciale-140-mq.-Sei-vetrineangolare.-V.Vecellio-42.jpg\",\"datePublished\":\"2024-10-18T18:16:57+00:00\",\"dateModified\":\"2024-12-07T05:54:02+00:00\",\"breadcrumb\":{\"@id\":\"https:\/\/gieffe.elwood.agency\/it\/immobile\/locale-commerciale-140-mq-sei-vetrineangolare-v-vecellio-2\/#breadcrumb\"},\"inLanguage\":\"it-IT\",\"potentialAction\":[{\"@type\":\"ReadAction\",\"target\":[\"https:\/\/gieffe.elwood.agency\/it\/immobile\/locale-commerciale-140-mq-sei-vetrineangolare-v-vecellio-2\/\"]}]},{\"@type\":\"ImageObject\",\"inLanguage\":\"it-IT\",\"@id\":\"https:\/\/gieffe.elwood.agency\/it\/immobile\/locale-commerciale-140-mq-sei-vetrineangolare-v-vecellio-2\/#primaryimage\",\"url\":\"https:\/\/gieffe.elwood.agency\/wp-content\/uploads\/2024\/10\/Locale-commerciale-140-mq.-Sei-vetrineangolare.-V.Vecellio-42.jpg\",\"contentUrl\":\"https:\/\/gieffe.elwood.agency\/wp-content\/uploads\/2024\/10\/Locale-commerciale-140-mq.-Sei-vetrineangolare.-V.Vecellio-42.jpg\",\"width\":1400,\"height\":1050,\"caption\":\"Locale commerciale 140 mq. Sei vetrine\"},{\"@type\":\"BreadcrumbList\",\"@id\":\"https:\/\/gieffe.elwood.agency\/it\/immobile\/locale-commerciale-140-mq-sei-vetrineangolare-v-vecellio-2\/#breadcrumb\",\"itemListElement\":[{\"@type\":\"ListItem\",\"position\":1,\"name\":\"Gieffe Patrimoni\",\"item\":\"https:\/\/gieffe.elwood.agency\/it\/\"},{\"@type\":\"ListItem\",\"position\":2,\"name\":\"Immobili\",\"item\":\"https:\/\/gieffe.elwood.agency\/it\/immobile\/\"},{\"@type\":\"ListItem\",\"position\":3,\"name\":\"Commerciali\",\"item\":\"https:\/\/gieffe.elwood.agency\/it\/categoria_immobile\/commerciali\/\"},{\"@type\":\"ListItem\",\"position\":4,\"name\":\"Locale commerciale 140 mq. Sei vetrine,angolare. V.Vecellio.\"}]},{\"@type\":\"WebSite\",\"@id\":\"https:\/\/gieffe.elwood.agency\/it\/#website\",\"url\":\"https:\/\/gieffe.elwood.agency\/it\/\",\"name\":\"Gieffe Patrimoni\",\"description\":\"\",\"publisher\":{\"@id\":\"https:\/\/gieffe.elwood.agency\/it\/#organization\"},\"potentialAction\":[{\"@type\":\"SearchAction\",\"target\":{\"@type\":\"EntryPoint\",\"urlTemplate\":\"https:\/\/gieffe.elwood.agency\/it\/?s={search_term_string}\"},\"query-input\":\"required name=search_term_string\"}],\"inLanguage\":\"it-IT\"},{\"@type\":\"Organization\",\"@id\":\"https:\/\/gieffe.elwood.agency\/it\/#organization\",\"name\":\"Gieffe Patrimoni\",\"url\":\"https:\/\/gieffe.elwood.agency\/it\/\",\"logo\":{\"@type\":\"ImageObject\",\"inLanguage\":\"it-IT\",\"@id\":\"https:\/\/gieffe.elwood.agency\/it\/#\/schema\/logo\/image\/\",\"url\":\"https:\/\/gieffe.elwood.agency\/wp-content\/uploads\/2024\/04\/logo-1.svg\",\"contentUrl\":\"https:\/\/gieffe.elwood.agency\/wp-content\/uploads\/2024\/04\/logo-1.svg\",\"width\":344,\"height\":78,\"caption\":\"Gieffe Patrimoni\"},\"image\":{\"@id\":\"https:\/\/gieffe.elwood.agency\/it\/#\/schema\/logo\/image\/\"}}]}<\/script>\n<!-- \/ Yoast SEO plugin. -->","yoast_head_json":{"title":"Locale commerciale 140 mq. Sei vetrine,angolare. V.Vecellio. - Gieffe Patrimoni","robots":{"index":"noindex","follow":"follow","max-snippet":"max-snippet:-1","max-image-preview":"max-image-preview:large","max-video-preview":"max-video-preview:-1"},"og_locale":"it_IT","og_type":"article","og_title":"Locale commerciale 140 mq. Sei vetrine,angolare. V.Vecellio. - Gieffe Patrimoni","og_description":"A pochi passi da Corso Massimo d&#8217;Azeglio e da via Madama Cristina, in Via Tiziano Vecellio 40 in un contesto moderno angolare con Via Foa&#8217; il locale commerciale C1 \u00e8 sito nei pressi del Liceo Aflieri ed \u00e8 oggi libero. L&#8217;immobile, che si sviluppa su una superficie di oltre 140 mq, \u00e8 caratterizzato da sei [&hellip;]","og_url":"https:\/\/gieffe.elwood.agency\/it\/immobile\/locale-commerciale-140-mq-sei-vetrineangolare-v-vecellio-2\/","og_site_name":"Gieffe Patrimoni","article_modified_time":"2024-12-07T05:54:02+00:00","og_image":[{"width":1400,"height":1050,"url":"https:\/\/gieffe.elwood.agency\/wp-content\/uploads\/2024\/10\/Locale-commerciale-140-mq.-Sei-vetrineangolare.-V.Vecellio-42.jpg","type":"image\/jpeg"}],"twitter_card":"summary_large_image","twitter_misc":{"Tempo di lettura stimato":"1 minuto"},"schema":{"@context":"https:\/\/schema.org","@graph":[{"@type":"WebPage","@id":"https:\/\/gieffe.elwood.agency\/it\/immobile\/locale-commerciale-140-mq-sei-vetrineangolare-v-vecellio-2\/","url":"https:\/\/gieffe.elwood.agency\/it\/immobile\/locale-commerciale-140-mq-sei-vetrineangolare-v-vecellio-2\/","name":"Locale commerciale 140 mq. Sei vetrine,angolare. V.Vecellio. - Gieffe Patrimoni","isPartOf":{"@id":"https:\/\/gieffe.elwood.agency\/it\/#website"},"primaryImageOfPage":{"@id":"https:\/\/gieffe.elwood.agency\/it\/immobile\/locale-commerciale-140-mq-sei-vetrineangolare-v-vecellio-2\/#primaryimage"},"image":{"@id":"https:\/\/gieffe.elwood.agency\/it\/immobile\/locale-commerciale-140-mq-sei-vetrineangolare-v-vecellio-2\/#primaryimage"},"thumbnailUrl":"https:\/\/gieffe.elwood.agency\/wp-content\/uploads\/2024\/10\/Locale-commerciale-140-mq.-Sei-vetrineangolare.-V.Vecellio-42.jpg","datePublished":"2024-10-18T18:16:57+00:00","dateModified":"2024-12-07T05:54:02+00:00","breadcrumb":{"@id":"https:\/\/gieffe.elwood.agency\/it\/immobile\/locale-commerciale-140-mq-sei-vetrineangolare-v-vecellio-2\/#breadcrumb"},"inLanguage":"it-IT","potentialAction":[{"@type":"ReadAction","target":["https:\/\/gieffe.elwood.agency\/it\/immobile\/locale-commerciale-140-mq-sei-vetrineangolare-v-vecellio-2\/"]}]},{"@type":"ImageObject","inLanguage":"it-IT","@id":"https:\/\/gieffe.elwood.agency\/it\/immobile\/locale-commerciale-140-mq-sei-vetrineangolare-v-vecellio-2\/#primaryimage","url":"https:\/\/gieffe.elwood.agency\/wp-content\/uploads\/2024\/10\/Locale-commerciale-140-mq.-Sei-vetrineangolare.-V.Vecellio-42.jpg","contentUrl":"https:\/\/gieffe.elwood.agency\/wp-content\/uploads\/2024\/10\/Locale-commerciale-140-mq.-Sei-vetrineangolare.-V.Vecellio-42.jpg","width":1400,"height":1050,"caption":"Locale commerciale 140 mq. Sei vetrine"},{"@type":"BreadcrumbList","@id":"https:\/\/gieffe.elwood.agency\/it\/immobile\/locale-commerciale-140-mq-sei-vetrineangolare-v-vecellio-2\/#breadcrumb","itemListElement":[{"@type":"ListItem","position":1,"name":"Gieffe Patrimoni","item":"https:\/\/gieffe.elwood.agency\/it\/"},{"@type":"ListItem","position":2,"name":"Immobili","item":"https:\/\/gieffe.elwood.agency\/it\/immobile\/"},{"@type":"ListItem","position":3,"name":"Commerciali","item":"https:\/\/gieffe.elwood.agency\/it\/categoria_immobile\/commerciali\/"},{"@type":"ListItem","position":4,"name":"Locale commerciale 140 mq. Sei vetrine,angolare. V.Vecellio."}]},{"@type":"WebSite","@id":"https:\/\/gieffe.elwood.agency\/it\/#website","url":"https:\/\/gieffe.elwood.agency\/it\/","name":"Gieffe Patrimoni","description":"","publisher":{"@id":"https:\/\/gieffe.elwood.agency\/it\/#organization"},"potentialAction":[{"@type":"SearchAction","target":{"@type":"EntryPoint","urlTemplate":"https:\/\/gieffe.elwood.agency\/it\/?s={search_term_string}"},"query-input":"required name=search_term_string"}],"inLanguage":"it-IT"},{"@type":"Organization","@id":"https:\/\/gieffe.elwood.agency\/it\/#organization","name":"Gieffe Patrimoni","url":"https:\/\/gieffe.elwood.agency\/it\/","logo":{"@type":"ImageObject","inLanguage":"it-IT","@id":"https:\/\/gieffe.elwood.agency\/it\/#\/schema\/logo\/image\/","url":"https:\/\/gieffe.elwood.agency\/wp-content\/uploads\/2024\/04\/logo-1.svg","contentUrl":"https:\/\/gieffe.elwood.agency\/wp-content\/uploads\/2024\/04\/logo-1.svg","width":344,"height":78,"caption":"Gieffe Patrimoni"},"image":{"@id":"https:\/\/gieffe.elwood.agency\/it\/#\/schema\/logo\/image\/"}}]}},"_links":{"self":[{"href":"https:\/\/gieffe.elwood.agency\/it\/wp-json\/wp\/v2\/immobile\/65174","targetHints":{"allow":["GET"]}}],"collection":[{"href":"https:\/\/gieffe.elwood.agency\/it\/wp-json\/wp\/v2\/immobile"}],"about":[{"href":"https:\/\/gieffe.elwood.agency\/it\/wp-json\/wp\/v2\/types\/immobile"}],"wp:featuredmedia":[{"embeddable":true,"href":"https:\/\/gieffe.elwood.agency\/it\/wp-json\/wp\/v2\/media\/65175"}],"wp:attachment":[{"href":"https:\/\/gieffe.elwood.agency\/it\/wp-json\/wp\/v2\/media?parent=65174"}],"wp:term":[{"taxonomy":"categoria_immobile","embeddable":true,"href":"https:\/\/gieffe.elwood.agency\/it\/wp-json\/wp\/v2\/categoria_immobile?post=65174"},{"taxonomy":"tipologia_offerta","embeddable":true,"href":"https:\/\/gieffe.elwood.agency\/it\/wp-json\/wp\/v2\/tipologia_offerta?post=65174"},{"taxonomy":"tipologia_immobile","embeddable":true,"href":"https:\/\/gieffe.elwood.agency\/it\/wp-json\/wp\/v2\/tipologia_immobile?post=65174"}],"curies":[{"name":"wp","href":"https:\/\/api.w.org\/{rel}","templated":true}]}}