{"id":59204,"date":"2024-05-31T01:26:12","date_gmt":"2024-05-30T23:26:12","guid":{"rendered":"https:\/\/gieffe.elwood.agency\/immobile\/appartamento-di-140-mq-ristrutturato-nel-quadrilatero-romano\/"},"modified":"2024-12-07T06:42:42","modified_gmt":"2024-12-07T05:42:42","slug":"appartamento-di-140-mq-ristrutturato-nel-quadrilatero-romano","status":"publish","type":"immobile","link":"https:\/\/gieffe.elwood.agency\/it\/immobile\/appartamento-di-140-mq-ristrutturato-nel-quadrilatero-romano\/","title":{"rendered":"Appartamento di 140 mq ristrutturato nel Quadrilatero Romano"},"content":{"rendered":"<p>Sito al piano primo in uno stabile edificato a met\u00e0 del 1600 in via Porta Palatina 3 ed oggi dotato di comodo ascensore interno scala, l&#8217;appartamento misura 140 mq ed \u00e8 stato completamente ristrutturato dalla attuale Propriet\u00e0 con grande gusto e perizia nel recupero dei particolari d&#8217;epoca. Lo stabile \u00e8 parte di un quartiere che vanta alcuni tra i pi\u00f9 importanti esempi di architettura barocca del &#8216;700 torinese, ed \u00e8 ottimamente servito poich\u00e9 posizionato nel cuore del Quadrilatero storico del centro di Torino a pochi passi da Piazza Madama e piazza Palazzo di citt\u00e0 . Il palazzo affaccia su piazza Corpus Domini, con una vista bellissima sulla chiesa Barocca del XVII secolo. L&#8217;appartamento, un tempo dotato di ingresso anche da ballatoio oggi non pi\u00f9 in uso, \u00e8 distribuito in ampio ingresso d&#8217;entrata, salone, cucina abitabile, due camere da letto e doppi servizi. Due balconi alla francese sulla piazza, e un lunghissimo balcone con affaccio su corte interna, dotato di pi\u00f9 ingressi\/uscite dalla abitazione nella zona living e notte. Riscaldamento autonomo a metano per una spesa di circa 700 euro per anno per l&#8217;utilizzo attuale. Spese di condominio valutabili in circa 1300 euro per anno. Impianto di condizionamento dell&#8217;aria in tutte le camere, caldo e freddo. I soffitti d&#8217;epoca ampi con bellissime vetrate che incorniciano il panorama. Locale lavanderia ricavato in parte di un servizio. Ottimo grado di conservazione in una ristrutturazione completa che ha riguardato ogni singola parte di un appartamento che \u00e8 certamente dotato di un grandissimo fascino. Categoria catastale A3 con una rendita di 379,60 euro. Per informazioni: GIEFFE PATRIMONI Real Estate Advisor, Torino \u2013 Londra \u2013 Alba \u2013 Milano \u2013 Roma. (+39) 011 \/ 76.000.11<\/p>\n","protected":false},"excerpt":{"rendered":"<p>Sito al piano primo in uno stabile edificato a met\u00e0 del 1600 in via Porta Palatina 3 ed oggi dotato di comodo ascensore interno scala, l&#8217;appartamento misura 140 mq ed \u00e8 stato completamente ristrutturato dalla attuale Propriet\u00e0 con grande gusto e perizia nel recupero dei particolari d&#8217;epoca. Lo stabile \u00e8 parte di un quartiere che [&hellip;]<\/p>\n","protected":false},"featured_media":59205,"template":"","meta":{"_acf_changed":false,"inline_featured_image":false},"categoria_immobile":[85],"tipologia_offerta":[94],"tipologia_immobile":[56],"class_list":["post-59204","immobile","type-immobile","status-publish","has-post-thumbnail","hentry","categoria_immobile-residenziali","tipologia_offerta-vendita","tipologia_immobile-appartamento"],"acf":[],"yoast_head":"<!-- This site is optimized with the Yoast SEO plugin v22.8 - https:\/\/yoast.com\/wordpress\/plugins\/seo\/ -->\n<title>Appartamento di 140 mq ristrutturato nel Quadrilatero Romano - Gieffe Patrimoni<\/title>\n<meta name=\"robots\" content=\"noindex, follow, max-snippet:-1, max-image-preview:large, max-video-preview:-1\" \/>\n<meta property=\"og:locale\" content=\"it_IT\" \/>\n<meta property=\"og:type\" content=\"article\" \/>\n<meta property=\"og:title\" content=\"Appartamento di 140 mq ristrutturato nel Quadrilatero Romano - Gieffe Patrimoni\" \/>\n<meta property=\"og:description\" content=\"Sito al piano primo in uno stabile edificato a met\u00e0 del 1600 in via Porta Palatina 3 ed oggi dotato di comodo ascensore interno scala, l&#8217;appartamento misura 140 mq ed \u00e8 stato completamente ristrutturato dalla attuale Propriet\u00e0 con grande gusto e perizia nel recupero dei particolari d&#8217;epoca. Lo stabile \u00e8 parte di un quartiere che [&hellip;]\" \/>\n<meta property=\"og:url\" content=\"https:\/\/gieffe.elwood.agency\/it\/immobile\/appartamento-di-140-mq-ristrutturato-nel-quadrilatero-romano\/\" \/>\n<meta property=\"og:site_name\" content=\"Gieffe Patrimoni\" \/>\n<meta property=\"article:modified_time\" content=\"2024-12-07T05:42:42+00:00\" \/>\n<meta property=\"og:image\" content=\"https:\/\/gieffe.elwood.agency\/wp-content\/uploads\/2024\/07\/Appartamento-di-140-mq-ristrutturato-nel-Quadrilatero-Romano.jpg\" \/>\n\t<meta property=\"og:image:width\" content=\"741\" \/>\n\t<meta property=\"og:image:height\" content=\"1050\" \/>\n\t<meta property=\"og:image:type\" content=\"image\/jpeg\" \/>\n<meta name=\"twitter:card\" content=\"summary_large_image\" \/>\n<meta name=\"twitter:label1\" content=\"Tempo di lettura stimato\" \/>\n\t<meta name=\"twitter:data1\" content=\"1 minuto\" \/>\n<script type=\"application\/ld+json\" class=\"yoast-schema-graph\">{\"@context\":\"https:\/\/schema.org\",\"@graph\":[{\"@type\":\"WebPage\",\"@id\":\"https:\/\/gieffe.elwood.agency\/it\/immobile\/appartamento-di-140-mq-ristrutturato-nel-quadrilatero-romano\/\",\"url\":\"https:\/\/gieffe.elwood.agency\/it\/immobile\/appartamento-di-140-mq-ristrutturato-nel-quadrilatero-romano\/\",\"name\":\"Appartamento di 140 mq ristrutturato nel Quadrilatero Romano - Gieffe Patrimoni\",\"isPartOf\":{\"@id\":\"https:\/\/gieffe.elwood.agency\/it\/#website\"},\"primaryImageOfPage\":{\"@id\":\"https:\/\/gieffe.elwood.agency\/it\/immobile\/appartamento-di-140-mq-ristrutturato-nel-quadrilatero-romano\/#primaryimage\"},\"image\":{\"@id\":\"https:\/\/gieffe.elwood.agency\/it\/immobile\/appartamento-di-140-mq-ristrutturato-nel-quadrilatero-romano\/#primaryimage\"},\"thumbnailUrl\":\"https:\/\/gieffe.elwood.agency\/wp-content\/uploads\/2024\/07\/Appartamento-di-140-mq-ristrutturato-nel-Quadrilatero-Romano.jpg\",\"datePublished\":\"2024-05-30T23:26:12+00:00\",\"dateModified\":\"2024-12-07T05:42:42+00:00\",\"breadcrumb\":{\"@id\":\"https:\/\/gieffe.elwood.agency\/it\/immobile\/appartamento-di-140-mq-ristrutturato-nel-quadrilatero-romano\/#breadcrumb\"},\"inLanguage\":\"it-IT\",\"potentialAction\":[{\"@type\":\"ReadAction\",\"target\":[\"https:\/\/gieffe.elwood.agency\/it\/immobile\/appartamento-di-140-mq-ristrutturato-nel-quadrilatero-romano\/\"]}]},{\"@type\":\"ImageObject\",\"inLanguage\":\"it-IT\",\"@id\":\"https:\/\/gieffe.elwood.agency\/it\/immobile\/appartamento-di-140-mq-ristrutturato-nel-quadrilatero-romano\/#primaryimage\",\"url\":\"https:\/\/gieffe.elwood.agency\/wp-content\/uploads\/2024\/07\/Appartamento-di-140-mq-ristrutturato-nel-Quadrilatero-Romano.jpg\",\"contentUrl\":\"https:\/\/gieffe.elwood.agency\/wp-content\/uploads\/2024\/07\/Appartamento-di-140-mq-ristrutturato-nel-Quadrilatero-Romano.jpg\",\"width\":741,\"height\":1050,\"caption\":\"Appartamento di 140 mq ristrutturato nel Quadrilatero Romano\"},{\"@type\":\"BreadcrumbList\",\"@id\":\"https:\/\/gieffe.elwood.agency\/it\/immobile\/appartamento-di-140-mq-ristrutturato-nel-quadrilatero-romano\/#breadcrumb\",\"itemListElement\":[{\"@type\":\"ListItem\",\"position\":1,\"name\":\"Gieffe Patrimoni\",\"item\":\"https:\/\/gieffe.elwood.agency\/it\/\"},{\"@type\":\"ListItem\",\"position\":2,\"name\":\"Immobili\",\"item\":\"https:\/\/gieffe.elwood.agency\/it\/immobile\/\"},{\"@type\":\"ListItem\",\"position\":3,\"name\":\"Residenziali\",\"item\":\"https:\/\/gieffe.elwood.agency\/it\/categoria_immobile\/residenziali\/\"},{\"@type\":\"ListItem\",\"position\":4,\"name\":\"Appartamento di 140 mq ristrutturato nel Quadrilatero Romano\"}]},{\"@type\":\"WebSite\",\"@id\":\"https:\/\/gieffe.elwood.agency\/it\/#website\",\"url\":\"https:\/\/gieffe.elwood.agency\/it\/\",\"name\":\"Gieffe Patrimoni\",\"description\":\"\",\"publisher\":{\"@id\":\"https:\/\/gieffe.elwood.agency\/it\/#organization\"},\"potentialAction\":[{\"@type\":\"SearchAction\",\"target\":{\"@type\":\"EntryPoint\",\"urlTemplate\":\"https:\/\/gieffe.elwood.agency\/it\/?s={search_term_string}\"},\"query-input\":\"required name=search_term_string\"}],\"inLanguage\":\"it-IT\"},{\"@type\":\"Organization\",\"@id\":\"https:\/\/gieffe.elwood.agency\/it\/#organization\",\"name\":\"Gieffe Patrimoni\",\"url\":\"https:\/\/gieffe.elwood.agency\/it\/\",\"logo\":{\"@type\":\"ImageObject\",\"inLanguage\":\"it-IT\",\"@id\":\"https:\/\/gieffe.elwood.agency\/it\/#\/schema\/logo\/image\/\",\"url\":\"https:\/\/gieffe.elwood.agency\/wp-content\/uploads\/2024\/04\/logo-1.svg\",\"contentUrl\":\"https:\/\/gieffe.elwood.agency\/wp-content\/uploads\/2024\/04\/logo-1.svg\",\"width\":344,\"height\":78,\"caption\":\"Gieffe Patrimoni\"},\"image\":{\"@id\":\"https:\/\/gieffe.elwood.agency\/it\/#\/schema\/logo\/image\/\"}}]}<\/script>\n<!-- \/ Yoast SEO plugin. -->","yoast_head_json":{"title":"Appartamento di 140 mq ristrutturato nel Quadrilatero Romano - Gieffe Patrimoni","robots":{"index":"noindex","follow":"follow","max-snippet":"max-snippet:-1","max-image-preview":"max-image-preview:large","max-video-preview":"max-video-preview:-1"},"og_locale":"it_IT","og_type":"article","og_title":"Appartamento di 140 mq ristrutturato nel Quadrilatero Romano - Gieffe Patrimoni","og_description":"Sito al piano primo in uno stabile edificato a met\u00e0 del 1600 in via Porta Palatina 3 ed oggi dotato di comodo ascensore interno scala, l&#8217;appartamento misura 140 mq ed \u00e8 stato completamente ristrutturato dalla attuale Propriet\u00e0 con grande gusto e perizia nel recupero dei particolari d&#8217;epoca. Lo stabile \u00e8 parte di un quartiere che [&hellip;]","og_url":"https:\/\/gieffe.elwood.agency\/it\/immobile\/appartamento-di-140-mq-ristrutturato-nel-quadrilatero-romano\/","og_site_name":"Gieffe Patrimoni","article_modified_time":"2024-12-07T05:42:42+00:00","og_image":[{"width":741,"height":1050,"url":"https:\/\/gieffe.elwood.agency\/wp-content\/uploads\/2024\/07\/Appartamento-di-140-mq-ristrutturato-nel-Quadrilatero-Romano.jpg","type":"image\/jpeg"}],"twitter_card":"summary_large_image","twitter_misc":{"Tempo di lettura stimato":"1 minuto"},"schema":{"@context":"https:\/\/schema.org","@graph":[{"@type":"WebPage","@id":"https:\/\/gieffe.elwood.agency\/it\/immobile\/appartamento-di-140-mq-ristrutturato-nel-quadrilatero-romano\/","url":"https:\/\/gieffe.elwood.agency\/it\/immobile\/appartamento-di-140-mq-ristrutturato-nel-quadrilatero-romano\/","name":"Appartamento di 140 mq ristrutturato nel Quadrilatero Romano - Gieffe Patrimoni","isPartOf":{"@id":"https:\/\/gieffe.elwood.agency\/it\/#website"},"primaryImageOfPage":{"@id":"https:\/\/gieffe.elwood.agency\/it\/immobile\/appartamento-di-140-mq-ristrutturato-nel-quadrilatero-romano\/#primaryimage"},"image":{"@id":"https:\/\/gieffe.elwood.agency\/it\/immobile\/appartamento-di-140-mq-ristrutturato-nel-quadrilatero-romano\/#primaryimage"},"thumbnailUrl":"https:\/\/gieffe.elwood.agency\/wp-content\/uploads\/2024\/07\/Appartamento-di-140-mq-ristrutturato-nel-Quadrilatero-Romano.jpg","datePublished":"2024-05-30T23:26:12+00:00","dateModified":"2024-12-07T05:42:42+00:00","breadcrumb":{"@id":"https:\/\/gieffe.elwood.agency\/it\/immobile\/appartamento-di-140-mq-ristrutturato-nel-quadrilatero-romano\/#breadcrumb"},"inLanguage":"it-IT","potentialAction":[{"@type":"ReadAction","target":["https:\/\/gieffe.elwood.agency\/it\/immobile\/appartamento-di-140-mq-ristrutturato-nel-quadrilatero-romano\/"]}]},{"@type":"ImageObject","inLanguage":"it-IT","@id":"https:\/\/gieffe.elwood.agency\/it\/immobile\/appartamento-di-140-mq-ristrutturato-nel-quadrilatero-romano\/#primaryimage","url":"https:\/\/gieffe.elwood.agency\/wp-content\/uploads\/2024\/07\/Appartamento-di-140-mq-ristrutturato-nel-Quadrilatero-Romano.jpg","contentUrl":"https:\/\/gieffe.elwood.agency\/wp-content\/uploads\/2024\/07\/Appartamento-di-140-mq-ristrutturato-nel-Quadrilatero-Romano.jpg","width":741,"height":1050,"caption":"Appartamento di 140 mq ristrutturato nel Quadrilatero Romano"},{"@type":"BreadcrumbList","@id":"https:\/\/gieffe.elwood.agency\/it\/immobile\/appartamento-di-140-mq-ristrutturato-nel-quadrilatero-romano\/#breadcrumb","itemListElement":[{"@type":"ListItem","position":1,"name":"Gieffe Patrimoni","item":"https:\/\/gieffe.elwood.agency\/it\/"},{"@type":"ListItem","position":2,"name":"Immobili","item":"https:\/\/gieffe.elwood.agency\/it\/immobile\/"},{"@type":"ListItem","position":3,"name":"Residenziali","item":"https:\/\/gieffe.elwood.agency\/it\/categoria_immobile\/residenziali\/"},{"@type":"ListItem","position":4,"name":"Appartamento di 140 mq ristrutturato nel Quadrilatero Romano"}]},{"@type":"WebSite","@id":"https:\/\/gieffe.elwood.agency\/it\/#website","url":"https:\/\/gieffe.elwood.agency\/it\/","name":"Gieffe Patrimoni","description":"","publisher":{"@id":"https:\/\/gieffe.elwood.agency\/it\/#organization"},"potentialAction":[{"@type":"SearchAction","target":{"@type":"EntryPoint","urlTemplate":"https:\/\/gieffe.elwood.agency\/it\/?s={search_term_string}"},"query-input":"required name=search_term_string"}],"inLanguage":"it-IT"},{"@type":"Organization","@id":"https:\/\/gieffe.elwood.agency\/it\/#organization","name":"Gieffe Patrimoni","url":"https:\/\/gieffe.elwood.agency\/it\/","logo":{"@type":"ImageObject","inLanguage":"it-IT","@id":"https:\/\/gieffe.elwood.agency\/it\/#\/schema\/logo\/image\/","url":"https:\/\/gieffe.elwood.agency\/wp-content\/uploads\/2024\/04\/logo-1.svg","contentUrl":"https:\/\/gieffe.elwood.agency\/wp-content\/uploads\/2024\/04\/logo-1.svg","width":344,"height":78,"caption":"Gieffe Patrimoni"},"image":{"@id":"https:\/\/gieffe.elwood.agency\/it\/#\/schema\/logo\/image\/"}}]}},"_links":{"self":[{"href":"https:\/\/gieffe.elwood.agency\/it\/wp-json\/wp\/v2\/immobile\/59204","targetHints":{"allow":["GET"]}}],"collection":[{"href":"https:\/\/gieffe.elwood.agency\/it\/wp-json\/wp\/v2\/immobile"}],"about":[{"href":"https:\/\/gieffe.elwood.agency\/it\/wp-json\/wp\/v2\/types\/immobile"}],"wp:featuredmedia":[{"embeddable":true,"href":"https:\/\/gieffe.elwood.agency\/it\/wp-json\/wp\/v2\/media\/59205"}],"wp:attachment":[{"href":"https:\/\/gieffe.elwood.agency\/it\/wp-json\/wp\/v2\/media?parent=59204"}],"wp:term":[{"taxonomy":"categoria_immobile","embeddable":true,"href":"https:\/\/gieffe.elwood.agency\/it\/wp-json\/wp\/v2\/categoria_immobile?post=59204"},{"taxonomy":"tipologia_offerta","embeddable":true,"href":"https:\/\/gieffe.elwood.agency\/it\/wp-json\/wp\/v2\/tipologia_offerta?post=59204"},{"taxonomy":"tipologia_immobile","embeddable":true,"href":"https:\/\/gieffe.elwood.agency\/it\/wp-json\/wp\/v2\/tipologia_immobile?post=59204"}],"curies":[{"name":"wp","href":"https:\/\/api.w.org\/{rel}","templated":true}]}}