{"id":56123,"date":"2024-01-21T18:18:39","date_gmt":"2024-01-21T17:18:39","guid":{"rendered":"https:\/\/gieffe.elwood.agency\/immobile\/villetta-nel-verde-dalla-collina-torinese-str-s-anna\/"},"modified":"2024-12-07T06:34:28","modified_gmt":"2024-12-07T05:34:28","slug":"villetta-nel-verde-dalla-collina-torinese-str-s-anna","status":"publish","type":"immobile","link":"https:\/\/gieffe.elwood.agency\/it\/immobile\/villetta-nel-verde-dalla-collina-torinese-str-s-anna\/","title":{"rendered":"Villetta, nel verde dalla collina torinese. Str.S.Anna."},"content":{"rendered":"<p>Villetta, nel verde dalla collina torinese. Str. Sant&#8217;Anna 17\/12. &#8220;Villa Motta&#8221;. La propriet\u00e0 \u00e8 parte di un complesso immobiliare immerso nel verde della prima collina torinese, distribuito all&#8217;interno di un parco verde piantumato. La antica Villa Motta d&#8217;origine seicentesca, \u00e8 oggi divisa in due propriet\u00e0 attigue. Le caratteristiche uniche della propriet\u00e0 sono un must per chi cerca spazio, privacy, luminosit\u00e0, attivit\u00e0 all&#8217;aperto in piena natura con il silenzio e l&#8217;aria pulita a soli cinque minuti d&#8217;auto dal centro di Torino. La villetta, \u00e8 disposta su tre livelli, con ingresso da cancello automatico da Strada Sant&#8217;Anna. Al piano terreno, ingresso, sala, disimpegno e cucina. Al primo piano collegato da doppia scala interna molto comoda, due camere da letto, studio o cabina armadio, ampia sala da bagno. Al piano sottotetto non abitabile due grandi camere vivibili con finestra. Grande box auto esterno di circa 50 mq per due autovetture. Cantina al piano interrato. Giardino terrazzato in pieno ovest, fruibile come terrazzo esterno. Ampio patio fronte abitazione con bellissima vista su Torino; altro giardino terrazzato al piano inferiore. Riscaldamento autonomo a gasolio e camini a legna. E&#8217; presente un posto auto esterno. Il complesso \u00e8 circondato da giardino e parco interamente recintato e condiviso con altra propriet\u00e0. Cat. catastale A4 con una rendita catastale di 738 euro. Per informazioni: GIEFFE PATRIMONI Real Estate Advisor, Torino \u2013 Londra \u2013 Alba \u2013 Milano \u2013 Roma. (+39) 011 \/ 76.000.11<\/p>\n","protected":false},"excerpt":{"rendered":"<p>Villetta, nel verde dalla collina torinese. Str. Sant&#8217;Anna 17\/12. &#8220;Villa Motta&#8221;. La propriet\u00e0 \u00e8 parte di un complesso immobiliare immerso nel verde della prima collina torinese, distribuito all&#8217;interno di un parco verde piantumato. La antica Villa Motta d&#8217;origine seicentesca, \u00e8 oggi divisa in due propriet\u00e0 attigue. Le caratteristiche uniche della propriet\u00e0 sono un must per [&hellip;]<\/p>\n","protected":false},"featured_media":56535,"template":"","meta":{"_acf_changed":false,"inline_featured_image":false},"categoria_immobile":[85],"tipologia_offerta":[94],"tipologia_immobile":[58],"class_list":["post-56123","immobile","type-immobile","status-publish","has-post-thumbnail","hentry","categoria_immobile-residenziali","tipologia_offerta-vendita","tipologia_immobile-villa"],"acf":[],"yoast_head":"<!-- This site is optimized with the Yoast SEO plugin v22.8 - https:\/\/yoast.com\/wordpress\/plugins\/seo\/ -->\n<title>Villetta, nel verde dalla collina torinese. Str.S.Anna. - Gieffe Patrimoni<\/title>\n<meta name=\"robots\" content=\"noindex, follow, max-snippet:-1, max-image-preview:large, max-video-preview:-1\" \/>\n<meta property=\"og:locale\" content=\"it_IT\" \/>\n<meta property=\"og:type\" content=\"article\" \/>\n<meta property=\"og:title\" content=\"Villetta, nel verde dalla collina torinese. Str.S.Anna. - Gieffe Patrimoni\" \/>\n<meta property=\"og:description\" content=\"Villetta, nel verde dalla collina torinese. Str. Sant&#8217;Anna 17\/12. &#8220;Villa Motta&#8221;. La propriet\u00e0 \u00e8 parte di un complesso immobiliare immerso nel verde della prima collina torinese, distribuito all&#8217;interno di un parco verde piantumato. La antica Villa Motta d&#8217;origine seicentesca, \u00e8 oggi divisa in due propriet\u00e0 attigue. Le caratteristiche uniche della propriet\u00e0 sono un must per [&hellip;]\" \/>\n<meta property=\"og:url\" content=\"https:\/\/gieffe.elwood.agency\/it\/immobile\/villetta-nel-verde-dalla-collina-torinese-str-s-anna\/\" \/>\n<meta property=\"og:site_name\" content=\"Gieffe Patrimoni\" \/>\n<meta property=\"article:modified_time\" content=\"2024-12-07T05:34:28+00:00\" \/>\n<meta property=\"og:image\" content=\"https:\/\/gieffe.elwood.agency\/wp-content\/uploads\/2024\/07\/Villetta-nel-verde-dalla-collina-torinese.-Str.S.Anna_.jpg\" \/>\n\t<meta property=\"og:image:width\" content=\"1400\" \/>\n\t<meta property=\"og:image:height\" content=\"1050\" \/>\n\t<meta property=\"og:image:type\" content=\"image\/jpeg\" \/>\n<meta name=\"twitter:card\" content=\"summary_large_image\" \/>\n<meta name=\"twitter:label1\" content=\"Tempo di lettura stimato\" \/>\n\t<meta name=\"twitter:data1\" content=\"1 minuto\" \/>\n<script type=\"application\/ld+json\" class=\"yoast-schema-graph\">{\"@context\":\"https:\/\/schema.org\",\"@graph\":[{\"@type\":\"WebPage\",\"@id\":\"https:\/\/gieffe.elwood.agency\/it\/immobile\/villetta-nel-verde-dalla-collina-torinese-str-s-anna\/\",\"url\":\"https:\/\/gieffe.elwood.agency\/it\/immobile\/villetta-nel-verde-dalla-collina-torinese-str-s-anna\/\",\"name\":\"Villetta, nel verde dalla collina torinese. Str.S.Anna. - Gieffe Patrimoni\",\"isPartOf\":{\"@id\":\"https:\/\/gieffe.elwood.agency\/it\/#website\"},\"primaryImageOfPage\":{\"@id\":\"https:\/\/gieffe.elwood.agency\/it\/immobile\/villetta-nel-verde-dalla-collina-torinese-str-s-anna\/#primaryimage\"},\"image\":{\"@id\":\"https:\/\/gieffe.elwood.agency\/it\/immobile\/villetta-nel-verde-dalla-collina-torinese-str-s-anna\/#primaryimage\"},\"thumbnailUrl\":\"https:\/\/gieffe.elwood.agency\/wp-content\/uploads\/2024\/07\/Villetta-nel-verde-dalla-collina-torinese.-Str.S.Anna_.jpg\",\"datePublished\":\"2024-01-21T17:18:39+00:00\",\"dateModified\":\"2024-12-07T05:34:28+00:00\",\"breadcrumb\":{\"@id\":\"https:\/\/gieffe.elwood.agency\/it\/immobile\/villetta-nel-verde-dalla-collina-torinese-str-s-anna\/#breadcrumb\"},\"inLanguage\":\"it-IT\",\"potentialAction\":[{\"@type\":\"ReadAction\",\"target\":[\"https:\/\/gieffe.elwood.agency\/it\/immobile\/villetta-nel-verde-dalla-collina-torinese-str-s-anna\/\"]}]},{\"@type\":\"ImageObject\",\"inLanguage\":\"it-IT\",\"@id\":\"https:\/\/gieffe.elwood.agency\/it\/immobile\/villetta-nel-verde-dalla-collina-torinese-str-s-anna\/#primaryimage\",\"url\":\"https:\/\/gieffe.elwood.agency\/wp-content\/uploads\/2024\/07\/Villetta-nel-verde-dalla-collina-torinese.-Str.S.Anna_.jpg\",\"contentUrl\":\"https:\/\/gieffe.elwood.agency\/wp-content\/uploads\/2024\/07\/Villetta-nel-verde-dalla-collina-torinese.-Str.S.Anna_.jpg\",\"width\":1400,\"height\":1050,\"caption\":\"Villetta\"},{\"@type\":\"BreadcrumbList\",\"@id\":\"https:\/\/gieffe.elwood.agency\/it\/immobile\/villetta-nel-verde-dalla-collina-torinese-str-s-anna\/#breadcrumb\",\"itemListElement\":[{\"@type\":\"ListItem\",\"position\":1,\"name\":\"Gieffe Patrimoni\",\"item\":\"https:\/\/gieffe.elwood.agency\/it\/\"},{\"@type\":\"ListItem\",\"position\":2,\"name\":\"Immobili\",\"item\":\"https:\/\/gieffe.elwood.agency\/it\/immobile\/\"},{\"@type\":\"ListItem\",\"position\":3,\"name\":\"Residenziali\",\"item\":\"https:\/\/gieffe.elwood.agency\/it\/categoria_immobile\/residenziali\/\"},{\"@type\":\"ListItem\",\"position\":4,\"name\":\"Villetta, nel verde dalla collina torinese. Str.S.Anna.\"}]},{\"@type\":\"WebSite\",\"@id\":\"https:\/\/gieffe.elwood.agency\/it\/#website\",\"url\":\"https:\/\/gieffe.elwood.agency\/it\/\",\"name\":\"Gieffe Patrimoni\",\"description\":\"\",\"publisher\":{\"@id\":\"https:\/\/gieffe.elwood.agency\/it\/#organization\"},\"potentialAction\":[{\"@type\":\"SearchAction\",\"target\":{\"@type\":\"EntryPoint\",\"urlTemplate\":\"https:\/\/gieffe.elwood.agency\/it\/?s={search_term_string}\"},\"query-input\":\"required name=search_term_string\"}],\"inLanguage\":\"it-IT\"},{\"@type\":\"Organization\",\"@id\":\"https:\/\/gieffe.elwood.agency\/it\/#organization\",\"name\":\"Gieffe Patrimoni\",\"url\":\"https:\/\/gieffe.elwood.agency\/it\/\",\"logo\":{\"@type\":\"ImageObject\",\"inLanguage\":\"it-IT\",\"@id\":\"https:\/\/gieffe.elwood.agency\/it\/#\/schema\/logo\/image\/\",\"url\":\"https:\/\/gieffe.elwood.agency\/wp-content\/uploads\/2024\/04\/logo-1.svg\",\"contentUrl\":\"https:\/\/gieffe.elwood.agency\/wp-content\/uploads\/2024\/04\/logo-1.svg\",\"width\":344,\"height\":78,\"caption\":\"Gieffe Patrimoni\"},\"image\":{\"@id\":\"https:\/\/gieffe.elwood.agency\/it\/#\/schema\/logo\/image\/\"}}]}<\/script>\n<!-- \/ Yoast SEO plugin. -->","yoast_head_json":{"title":"Villetta, nel verde dalla collina torinese. Str.S.Anna. - Gieffe Patrimoni","robots":{"index":"noindex","follow":"follow","max-snippet":"max-snippet:-1","max-image-preview":"max-image-preview:large","max-video-preview":"max-video-preview:-1"},"og_locale":"it_IT","og_type":"article","og_title":"Villetta, nel verde dalla collina torinese. Str.S.Anna. - Gieffe Patrimoni","og_description":"Villetta, nel verde dalla collina torinese. Str. Sant&#8217;Anna 17\/12. &#8220;Villa Motta&#8221;. La propriet\u00e0 \u00e8 parte di un complesso immobiliare immerso nel verde della prima collina torinese, distribuito all&#8217;interno di un parco verde piantumato. La antica Villa Motta d&#8217;origine seicentesca, \u00e8 oggi divisa in due propriet\u00e0 attigue. Le caratteristiche uniche della propriet\u00e0 sono un must per [&hellip;]","og_url":"https:\/\/gieffe.elwood.agency\/it\/immobile\/villetta-nel-verde-dalla-collina-torinese-str-s-anna\/","og_site_name":"Gieffe Patrimoni","article_modified_time":"2024-12-07T05:34:28+00:00","og_image":[{"width":1400,"height":1050,"url":"https:\/\/gieffe.elwood.agency\/wp-content\/uploads\/2024\/07\/Villetta-nel-verde-dalla-collina-torinese.-Str.S.Anna_.jpg","type":"image\/jpeg"}],"twitter_card":"summary_large_image","twitter_misc":{"Tempo di lettura stimato":"1 minuto"},"schema":{"@context":"https:\/\/schema.org","@graph":[{"@type":"WebPage","@id":"https:\/\/gieffe.elwood.agency\/it\/immobile\/villetta-nel-verde-dalla-collina-torinese-str-s-anna\/","url":"https:\/\/gieffe.elwood.agency\/it\/immobile\/villetta-nel-verde-dalla-collina-torinese-str-s-anna\/","name":"Villetta, nel verde dalla collina torinese. Str.S.Anna. - Gieffe Patrimoni","isPartOf":{"@id":"https:\/\/gieffe.elwood.agency\/it\/#website"},"primaryImageOfPage":{"@id":"https:\/\/gieffe.elwood.agency\/it\/immobile\/villetta-nel-verde-dalla-collina-torinese-str-s-anna\/#primaryimage"},"image":{"@id":"https:\/\/gieffe.elwood.agency\/it\/immobile\/villetta-nel-verde-dalla-collina-torinese-str-s-anna\/#primaryimage"},"thumbnailUrl":"https:\/\/gieffe.elwood.agency\/wp-content\/uploads\/2024\/07\/Villetta-nel-verde-dalla-collina-torinese.-Str.S.Anna_.jpg","datePublished":"2024-01-21T17:18:39+00:00","dateModified":"2024-12-07T05:34:28+00:00","breadcrumb":{"@id":"https:\/\/gieffe.elwood.agency\/it\/immobile\/villetta-nel-verde-dalla-collina-torinese-str-s-anna\/#breadcrumb"},"inLanguage":"it-IT","potentialAction":[{"@type":"ReadAction","target":["https:\/\/gieffe.elwood.agency\/it\/immobile\/villetta-nel-verde-dalla-collina-torinese-str-s-anna\/"]}]},{"@type":"ImageObject","inLanguage":"it-IT","@id":"https:\/\/gieffe.elwood.agency\/it\/immobile\/villetta-nel-verde-dalla-collina-torinese-str-s-anna\/#primaryimage","url":"https:\/\/gieffe.elwood.agency\/wp-content\/uploads\/2024\/07\/Villetta-nel-verde-dalla-collina-torinese.-Str.S.Anna_.jpg","contentUrl":"https:\/\/gieffe.elwood.agency\/wp-content\/uploads\/2024\/07\/Villetta-nel-verde-dalla-collina-torinese.-Str.S.Anna_.jpg","width":1400,"height":1050,"caption":"Villetta"},{"@type":"BreadcrumbList","@id":"https:\/\/gieffe.elwood.agency\/it\/immobile\/villetta-nel-verde-dalla-collina-torinese-str-s-anna\/#breadcrumb","itemListElement":[{"@type":"ListItem","position":1,"name":"Gieffe Patrimoni","item":"https:\/\/gieffe.elwood.agency\/it\/"},{"@type":"ListItem","position":2,"name":"Immobili","item":"https:\/\/gieffe.elwood.agency\/it\/immobile\/"},{"@type":"ListItem","position":3,"name":"Residenziali","item":"https:\/\/gieffe.elwood.agency\/it\/categoria_immobile\/residenziali\/"},{"@type":"ListItem","position":4,"name":"Villetta, nel verde dalla collina torinese. Str.S.Anna."}]},{"@type":"WebSite","@id":"https:\/\/gieffe.elwood.agency\/it\/#website","url":"https:\/\/gieffe.elwood.agency\/it\/","name":"Gieffe Patrimoni","description":"","publisher":{"@id":"https:\/\/gieffe.elwood.agency\/it\/#organization"},"potentialAction":[{"@type":"SearchAction","target":{"@type":"EntryPoint","urlTemplate":"https:\/\/gieffe.elwood.agency\/it\/?s={search_term_string}"},"query-input":"required name=search_term_string"}],"inLanguage":"it-IT"},{"@type":"Organization","@id":"https:\/\/gieffe.elwood.agency\/it\/#organization","name":"Gieffe Patrimoni","url":"https:\/\/gieffe.elwood.agency\/it\/","logo":{"@type":"ImageObject","inLanguage":"it-IT","@id":"https:\/\/gieffe.elwood.agency\/it\/#\/schema\/logo\/image\/","url":"https:\/\/gieffe.elwood.agency\/wp-content\/uploads\/2024\/04\/logo-1.svg","contentUrl":"https:\/\/gieffe.elwood.agency\/wp-content\/uploads\/2024\/04\/logo-1.svg","width":344,"height":78,"caption":"Gieffe Patrimoni"},"image":{"@id":"https:\/\/gieffe.elwood.agency\/it\/#\/schema\/logo\/image\/"}}]}},"_links":{"self":[{"href":"https:\/\/gieffe.elwood.agency\/it\/wp-json\/wp\/v2\/immobile\/56123","targetHints":{"allow":["GET"]}}],"collection":[{"href":"https:\/\/gieffe.elwood.agency\/it\/wp-json\/wp\/v2\/immobile"}],"about":[{"href":"https:\/\/gieffe.elwood.agency\/it\/wp-json\/wp\/v2\/types\/immobile"}],"wp:featuredmedia":[{"embeddable":true,"href":"https:\/\/gieffe.elwood.agency\/it\/wp-json\/wp\/v2\/media\/56535"}],"wp:attachment":[{"href":"https:\/\/gieffe.elwood.agency\/it\/wp-json\/wp\/v2\/media?parent=56123"}],"wp:term":[{"taxonomy":"categoria_immobile","embeddable":true,"href":"https:\/\/gieffe.elwood.agency\/it\/wp-json\/wp\/v2\/categoria_immobile?post=56123"},{"taxonomy":"tipologia_offerta","embeddable":true,"href":"https:\/\/gieffe.elwood.agency\/it\/wp-json\/wp\/v2\/tipologia_offerta?post=56123"},{"taxonomy":"tipologia_immobile","embeddable":true,"href":"https:\/\/gieffe.elwood.agency\/it\/wp-json\/wp\/v2\/tipologia_immobile?post=56123"}],"curies":[{"name":"wp","href":"https:\/\/api.w.org\/{rel}","templated":true}]}}