{"id":49044,"date":"2024-11-20T15:42:26","date_gmt":"2024-11-20T14:42:26","guid":{"rendered":"https:\/\/gieffe.elwood.agency\/immobile\/via-asti-260-mq-ristrutturato-tre-camere-con-giardino\/"},"modified":"2024-12-07T06:14:12","modified_gmt":"2024-12-07T05:14:12","slug":"via-asti-260-mq-ristrutturato-tre-camere-con-giardino","status":"publish","type":"immobile","link":"https:\/\/gieffe.elwood.agency\/it\/immobile\/via-asti-260-mq-ristrutturato-tre-camere-con-giardino\/","title":{"rendered":"Via Asti, 260 mq. Ristrutturato tre camere, con giardino."},"content":{"rendered":"<p>Situato in una delle zone pi\u00f9 esclusive di Torino, in piena precollina nel quartiere Borgo Po e a pochi metri dalla Gran Madre, la palazzina d&#8217;epoca tardo ottocentesca \u00e8 stata oggetto di una completa e totale ristrutturazione che ha trasformato ogni spazio interno mantenendo il gusto e lo stile preesistente con contaminazioni moderne e di grande carattere. Tale rivisitazione complessiva ha permesso di posizionare un moderno ascensore ed impianti termoidraulici di ultima generazione, sia per quello che riguarda il riscaldamento che il raffrescamento a pavimento con recupero dell&#8217;umidit\u00e0. L&#8217;appartamento in oggetto, di importante metratura \u00e8 sito al piano terreno ed \u00e8 l&#8217;unico dello stabile ad avere a disposizione e in utlizzo esclusivo un giardino di oltre 165 mq lato interno corte in piena propriet\u00e0. Distribuito ottimamente e molto movimentato lo spazio interno non ha nulla di consueto e gi\u00e0 dall&#8217;ingresso la vista spazia attraverso ad un corridoio sospeso verso grandi finestre che affacciano direttamente sul verde del giardino e permettono di godere di uno spazio a vuoto sul salone sottostante con un risultato teatrale. A piano di ingresso si trova una lavanderia, un disimpegno che serve la zona notte, una camera da letto padronale con cabina armadio interna, altra camera oggi adibita a palestra, una sala da bagno con doccia e vasca idromassaggio con annessa cameretta vestiere, altro servizio e una camera studio che sembra sospesa a vuoto sul salone sottostante con una parete di cristallo che la rende leggera e luminosa. Dall&#8217;ingresso a piano terra attraverso ad una scala in ferro, pezzo unico e grande opera architettonica che caratterizza l&#8217;ambiente complessivo, si scende nel salone ( completamente abitabile ) dove la grande metratura ha permesso l&#8217;alloggiamento della sala cinema. La cucina ultra high-tech \u00e8 completamente a vista e chiusa in una bolla di cristallo cosi come la cantinetta dal sapore classico dove fanno bella mostra di se i mattoni rossi a vista, con grande contrasto con il cristallo e il ferro presente in tutta l&#8217;opera. Gli stessi mattoni rossi si trovano sul soffitto a volta della sala da pranzo a fianco della cucina. Al piano giorno poi presente un servizio. Dal salone comodo \u00e8 l&#8217;accesso alla zona verde del giardino. Domotica. Impianto stereo in ogni camera. Massimo livello di arredo interno con cura maniacale del dettaglio. Utilizzo di legno pregiato con venatura e colore che &#8220;porta&#8221; al ferro con la presenza di grandi superfici vetrate, per uno stile metropolitano high-tech di forte impatto. Antifurto volumentrico e perimetrale. Porta blindata. Vetri doppi con taglio termico. Per collocazione, dettaglio, realizzazione e carattere un&#8217;opera unica nella citt\u00e0 di Torino, firma d&#8217;architettura assai nota. Per informazioni: GIEFFE PATRIMONI Real Estate Advisor, Torino \u2013 Londra \u2013 Alba \u2013 Milano \u2013 Roma. (+39) 011 \/ 76.000.11<\/p>\n","protected":false},"excerpt":{"rendered":"<p>Situato in una delle zone pi\u00f9 esclusive di Torino, in piena precollina nel quartiere Borgo Po e a pochi metri dalla Gran Madre, la palazzina d&#8217;epoca tardo ottocentesca \u00e8 stata oggetto di una completa e totale ristrutturazione che ha trasformato ogni spazio interno mantenendo il gusto e lo stile preesistente con contaminazioni moderne e di [&hellip;]<\/p>\n","protected":false},"featured_media":50947,"template":"","meta":{"_acf_changed":false,"inline_featured_image":false},"categoria_immobile":[85],"tipologia_offerta":[94],"tipologia_immobile":[56],"class_list":["post-49044","immobile","type-immobile","status-publish","has-post-thumbnail","hentry","categoria_immobile-residenziali","tipologia_offerta-vendita","tipologia_immobile-appartamento"],"acf":[],"yoast_head":"<!-- This site is optimized with the Yoast SEO plugin v22.8 - https:\/\/yoast.com\/wordpress\/plugins\/seo\/ -->\n<title>Via Asti, 260 mq. Ristrutturato tre camere, con giardino. - Gieffe Patrimoni<\/title>\n<meta name=\"robots\" content=\"noindex, follow, max-snippet:-1, max-image-preview:large, max-video-preview:-1\" \/>\n<meta property=\"og:locale\" content=\"it_IT\" \/>\n<meta property=\"og:type\" content=\"article\" \/>\n<meta property=\"og:title\" content=\"Via Asti, 260 mq. Ristrutturato tre camere, con giardino. - Gieffe Patrimoni\" \/>\n<meta property=\"og:description\" content=\"Situato in una delle zone pi\u00f9 esclusive di Torino, in piena precollina nel quartiere Borgo Po e a pochi metri dalla Gran Madre, la palazzina d&#8217;epoca tardo ottocentesca \u00e8 stata oggetto di una completa e totale ristrutturazione che ha trasformato ogni spazio interno mantenendo il gusto e lo stile preesistente con contaminazioni moderne e di [&hellip;]\" \/>\n<meta property=\"og:url\" content=\"https:\/\/gieffe.elwood.agency\/it\/immobile\/via-asti-260-mq-ristrutturato-tre-camere-con-giardino\/\" \/>\n<meta property=\"og:site_name\" content=\"Gieffe Patrimoni\" \/>\n<meta property=\"article:modified_time\" content=\"2024-12-07T05:14:12+00:00\" \/>\n<meta property=\"og:image\" content=\"https:\/\/gieffe.elwood.agency\/wp-content\/uploads\/2024\/06\/Via-Asti-260-mq.-Ristrutturato-tre-camere-con-giardino-50.jpg\" \/>\n\t<meta property=\"og:image:width\" content=\"1400\" \/>\n\t<meta property=\"og:image:height\" content=\"1050\" \/>\n\t<meta property=\"og:image:type\" content=\"image\/jpeg\" \/>\n<meta name=\"twitter:card\" content=\"summary_large_image\" \/>\n<meta name=\"twitter:label1\" content=\"Tempo di lettura stimato\" \/>\n\t<meta name=\"twitter:data1\" content=\"2 minuti\" \/>\n<script type=\"application\/ld+json\" class=\"yoast-schema-graph\">{\"@context\":\"https:\/\/schema.org\",\"@graph\":[{\"@type\":\"WebPage\",\"@id\":\"https:\/\/gieffe.elwood.agency\/it\/immobile\/via-asti-260-mq-ristrutturato-tre-camere-con-giardino\/\",\"url\":\"https:\/\/gieffe.elwood.agency\/it\/immobile\/via-asti-260-mq-ristrutturato-tre-camere-con-giardino\/\",\"name\":\"Via Asti, 260 mq. Ristrutturato tre camere, con giardino. - Gieffe Patrimoni\",\"isPartOf\":{\"@id\":\"https:\/\/gieffe.elwood.agency\/it\/#website\"},\"primaryImageOfPage\":{\"@id\":\"https:\/\/gieffe.elwood.agency\/it\/immobile\/via-asti-260-mq-ristrutturato-tre-camere-con-giardino\/#primaryimage\"},\"image\":{\"@id\":\"https:\/\/gieffe.elwood.agency\/it\/immobile\/via-asti-260-mq-ristrutturato-tre-camere-con-giardino\/#primaryimage\"},\"thumbnailUrl\":\"https:\/\/gieffe.elwood.agency\/wp-content\/uploads\/2024\/06\/Via-Asti-260-mq.-Ristrutturato-tre-camere-con-giardino-50.jpg\",\"datePublished\":\"2024-11-20T14:42:26+00:00\",\"dateModified\":\"2024-12-07T05:14:12+00:00\",\"breadcrumb\":{\"@id\":\"https:\/\/gieffe.elwood.agency\/it\/immobile\/via-asti-260-mq-ristrutturato-tre-camere-con-giardino\/#breadcrumb\"},\"inLanguage\":\"it-IT\",\"potentialAction\":[{\"@type\":\"ReadAction\",\"target\":[\"https:\/\/gieffe.elwood.agency\/it\/immobile\/via-asti-260-mq-ristrutturato-tre-camere-con-giardino\/\"]}]},{\"@type\":\"ImageObject\",\"inLanguage\":\"it-IT\",\"@id\":\"https:\/\/gieffe.elwood.agency\/it\/immobile\/via-asti-260-mq-ristrutturato-tre-camere-con-giardino\/#primaryimage\",\"url\":\"https:\/\/gieffe.elwood.agency\/wp-content\/uploads\/2024\/06\/Via-Asti-260-mq.-Ristrutturato-tre-camere-con-giardino-50.jpg\",\"contentUrl\":\"https:\/\/gieffe.elwood.agency\/wp-content\/uploads\/2024\/06\/Via-Asti-260-mq.-Ristrutturato-tre-camere-con-giardino-50.jpg\",\"width\":1400,\"height\":1050,\"caption\":\"Via Asti\"},{\"@type\":\"BreadcrumbList\",\"@id\":\"https:\/\/gieffe.elwood.agency\/it\/immobile\/via-asti-260-mq-ristrutturato-tre-camere-con-giardino\/#breadcrumb\",\"itemListElement\":[{\"@type\":\"ListItem\",\"position\":1,\"name\":\"Gieffe Patrimoni\",\"item\":\"https:\/\/gieffe.elwood.agency\/it\/\"},{\"@type\":\"ListItem\",\"position\":2,\"name\":\"Immobili\",\"item\":\"https:\/\/gieffe.elwood.agency\/it\/immobile\/\"},{\"@type\":\"ListItem\",\"position\":3,\"name\":\"Residenziali\",\"item\":\"https:\/\/gieffe.elwood.agency\/it\/categoria_immobile\/residenziali\/\"},{\"@type\":\"ListItem\",\"position\":4,\"name\":\"Via Asti, 260 mq. Ristrutturato tre camere, con giardino.\"}]},{\"@type\":\"WebSite\",\"@id\":\"https:\/\/gieffe.elwood.agency\/it\/#website\",\"url\":\"https:\/\/gieffe.elwood.agency\/it\/\",\"name\":\"Gieffe Patrimoni\",\"description\":\"\",\"publisher\":{\"@id\":\"https:\/\/gieffe.elwood.agency\/it\/#organization\"},\"potentialAction\":[{\"@type\":\"SearchAction\",\"target\":{\"@type\":\"EntryPoint\",\"urlTemplate\":\"https:\/\/gieffe.elwood.agency\/it\/?s={search_term_string}\"},\"query-input\":\"required name=search_term_string\"}],\"inLanguage\":\"it-IT\"},{\"@type\":\"Organization\",\"@id\":\"https:\/\/gieffe.elwood.agency\/it\/#organization\",\"name\":\"Gieffe Patrimoni\",\"url\":\"https:\/\/gieffe.elwood.agency\/it\/\",\"logo\":{\"@type\":\"ImageObject\",\"inLanguage\":\"it-IT\",\"@id\":\"https:\/\/gieffe.elwood.agency\/it\/#\/schema\/logo\/image\/\",\"url\":\"https:\/\/gieffe.elwood.agency\/wp-content\/uploads\/2024\/04\/logo-1.svg\",\"contentUrl\":\"https:\/\/gieffe.elwood.agency\/wp-content\/uploads\/2024\/04\/logo-1.svg\",\"width\":344,\"height\":78,\"caption\":\"Gieffe Patrimoni\"},\"image\":{\"@id\":\"https:\/\/gieffe.elwood.agency\/it\/#\/schema\/logo\/image\/\"}}]}<\/script>\n<!-- \/ Yoast SEO plugin. -->","yoast_head_json":{"title":"Via Asti, 260 mq. Ristrutturato tre camere, con giardino. - Gieffe Patrimoni","robots":{"index":"noindex","follow":"follow","max-snippet":"max-snippet:-1","max-image-preview":"max-image-preview:large","max-video-preview":"max-video-preview:-1"},"og_locale":"it_IT","og_type":"article","og_title":"Via Asti, 260 mq. Ristrutturato tre camere, con giardino. - Gieffe Patrimoni","og_description":"Situato in una delle zone pi\u00f9 esclusive di Torino, in piena precollina nel quartiere Borgo Po e a pochi metri dalla Gran Madre, la palazzina d&#8217;epoca tardo ottocentesca \u00e8 stata oggetto di una completa e totale ristrutturazione che ha trasformato ogni spazio interno mantenendo il gusto e lo stile preesistente con contaminazioni moderne e di [&hellip;]","og_url":"https:\/\/gieffe.elwood.agency\/it\/immobile\/via-asti-260-mq-ristrutturato-tre-camere-con-giardino\/","og_site_name":"Gieffe Patrimoni","article_modified_time":"2024-12-07T05:14:12+00:00","og_image":[{"width":1400,"height":1050,"url":"https:\/\/gieffe.elwood.agency\/wp-content\/uploads\/2024\/06\/Via-Asti-260-mq.-Ristrutturato-tre-camere-con-giardino-50.jpg","type":"image\/jpeg"}],"twitter_card":"summary_large_image","twitter_misc":{"Tempo di lettura stimato":"2 minuti"},"schema":{"@context":"https:\/\/schema.org","@graph":[{"@type":"WebPage","@id":"https:\/\/gieffe.elwood.agency\/it\/immobile\/via-asti-260-mq-ristrutturato-tre-camere-con-giardino\/","url":"https:\/\/gieffe.elwood.agency\/it\/immobile\/via-asti-260-mq-ristrutturato-tre-camere-con-giardino\/","name":"Via Asti, 260 mq. Ristrutturato tre camere, con giardino. - Gieffe Patrimoni","isPartOf":{"@id":"https:\/\/gieffe.elwood.agency\/it\/#website"},"primaryImageOfPage":{"@id":"https:\/\/gieffe.elwood.agency\/it\/immobile\/via-asti-260-mq-ristrutturato-tre-camere-con-giardino\/#primaryimage"},"image":{"@id":"https:\/\/gieffe.elwood.agency\/it\/immobile\/via-asti-260-mq-ristrutturato-tre-camere-con-giardino\/#primaryimage"},"thumbnailUrl":"https:\/\/gieffe.elwood.agency\/wp-content\/uploads\/2024\/06\/Via-Asti-260-mq.-Ristrutturato-tre-camere-con-giardino-50.jpg","datePublished":"2024-11-20T14:42:26+00:00","dateModified":"2024-12-07T05:14:12+00:00","breadcrumb":{"@id":"https:\/\/gieffe.elwood.agency\/it\/immobile\/via-asti-260-mq-ristrutturato-tre-camere-con-giardino\/#breadcrumb"},"inLanguage":"it-IT","potentialAction":[{"@type":"ReadAction","target":["https:\/\/gieffe.elwood.agency\/it\/immobile\/via-asti-260-mq-ristrutturato-tre-camere-con-giardino\/"]}]},{"@type":"ImageObject","inLanguage":"it-IT","@id":"https:\/\/gieffe.elwood.agency\/it\/immobile\/via-asti-260-mq-ristrutturato-tre-camere-con-giardino\/#primaryimage","url":"https:\/\/gieffe.elwood.agency\/wp-content\/uploads\/2024\/06\/Via-Asti-260-mq.-Ristrutturato-tre-camere-con-giardino-50.jpg","contentUrl":"https:\/\/gieffe.elwood.agency\/wp-content\/uploads\/2024\/06\/Via-Asti-260-mq.-Ristrutturato-tre-camere-con-giardino-50.jpg","width":1400,"height":1050,"caption":"Via Asti"},{"@type":"BreadcrumbList","@id":"https:\/\/gieffe.elwood.agency\/it\/immobile\/via-asti-260-mq-ristrutturato-tre-camere-con-giardino\/#breadcrumb","itemListElement":[{"@type":"ListItem","position":1,"name":"Gieffe Patrimoni","item":"https:\/\/gieffe.elwood.agency\/it\/"},{"@type":"ListItem","position":2,"name":"Immobili","item":"https:\/\/gieffe.elwood.agency\/it\/immobile\/"},{"@type":"ListItem","position":3,"name":"Residenziali","item":"https:\/\/gieffe.elwood.agency\/it\/categoria_immobile\/residenziali\/"},{"@type":"ListItem","position":4,"name":"Via Asti, 260 mq. Ristrutturato tre camere, con giardino."}]},{"@type":"WebSite","@id":"https:\/\/gieffe.elwood.agency\/it\/#website","url":"https:\/\/gieffe.elwood.agency\/it\/","name":"Gieffe Patrimoni","description":"","publisher":{"@id":"https:\/\/gieffe.elwood.agency\/it\/#organization"},"potentialAction":[{"@type":"SearchAction","target":{"@type":"EntryPoint","urlTemplate":"https:\/\/gieffe.elwood.agency\/it\/?s={search_term_string}"},"query-input":"required name=search_term_string"}],"inLanguage":"it-IT"},{"@type":"Organization","@id":"https:\/\/gieffe.elwood.agency\/it\/#organization","name":"Gieffe Patrimoni","url":"https:\/\/gieffe.elwood.agency\/it\/","logo":{"@type":"ImageObject","inLanguage":"it-IT","@id":"https:\/\/gieffe.elwood.agency\/it\/#\/schema\/logo\/image\/","url":"https:\/\/gieffe.elwood.agency\/wp-content\/uploads\/2024\/04\/logo-1.svg","contentUrl":"https:\/\/gieffe.elwood.agency\/wp-content\/uploads\/2024\/04\/logo-1.svg","width":344,"height":78,"caption":"Gieffe Patrimoni"},"image":{"@id":"https:\/\/gieffe.elwood.agency\/it\/#\/schema\/logo\/image\/"}}]}},"_links":{"self":[{"href":"https:\/\/gieffe.elwood.agency\/it\/wp-json\/wp\/v2\/immobile\/49044","targetHints":{"allow":["GET"]}}],"collection":[{"href":"https:\/\/gieffe.elwood.agency\/it\/wp-json\/wp\/v2\/immobile"}],"about":[{"href":"https:\/\/gieffe.elwood.agency\/it\/wp-json\/wp\/v2\/types\/immobile"}],"wp:featuredmedia":[{"embeddable":true,"href":"https:\/\/gieffe.elwood.agency\/it\/wp-json\/wp\/v2\/media\/50947"}],"wp:attachment":[{"href":"https:\/\/gieffe.elwood.agency\/it\/wp-json\/wp\/v2\/media?parent=49044"}],"wp:term":[{"taxonomy":"categoria_immobile","embeddable":true,"href":"https:\/\/gieffe.elwood.agency\/it\/wp-json\/wp\/v2\/categoria_immobile?post=49044"},{"taxonomy":"tipologia_offerta","embeddable":true,"href":"https:\/\/gieffe.elwood.agency\/it\/wp-json\/wp\/v2\/tipologia_offerta?post=49044"},{"taxonomy":"tipologia_immobile","embeddable":true,"href":"https:\/\/gieffe.elwood.agency\/it\/wp-json\/wp\/v2\/tipologia_immobile?post=49044"}],"curies":[{"name":"wp","href":"https:\/\/api.w.org\/{rel}","templated":true}]}}